{"id":649,"date":"2023-01-19T10:55:14","date_gmt":"2023-01-19T08:55:14","guid":{"rendered":"https:\/\/vacanza.softwebpages.eu\/termini-di-servizio-2\/"},"modified":"2023-05-02T12:04:35","modified_gmt":"2023-05-02T09:04:35","slug":"termini-di-servizio","status":"publish","type":"page","link":"https:\/\/vacanza-car-rentals.gr\/it\/termini-di-servizio\/","title":{"rendered":"TERMINI DI SERVIZIO"},"content":{"rendered":"<div class=\"fusion-fullwidth fullwidth-box fusion-builder-row-1 fusion-flex-container has-pattern-background has-mask-background columns-main nonhundred-percent-fullwidth non-hundred-percent-height-scrolling\" style=\"--awb-border-radius-top-left:0px;--awb-border-radius-top-right:0px;--awb-border-radius-bottom-right:0px;--awb-border-radius-bottom-left:0px;\" ><div class=\"fusion-builder-row fusion-row fusion-flex-align-items-stretch\" style=\"max-width:104%;margin-left: calc(-4% \/ 2 );margin-right: calc(-4% \/ 2 );\"><div class=\"fusion-layout-column fusion_builder_column fusion-builder-column-0 fusion_builder_column_1_2 1_2 fusion-flex-column\" style=\"--awb-bg-size:cover;--awb-width-large:50%;--awb-margin-top-large:0px;--awb-spacing-right-large:3.84%;--awb-margin-bottom-large:0px;--awb-spacing-left-large:3.84%;--awb-width-medium:50%;--awb-spacing-right-medium:3.84%;--awb-spacing-left-medium:3.84%;--awb-width-small:100%;--awb-spacing-right-small:1.92%;--awb-spacing-left-small:1.92%;\"><div class=\"fusion-column-wrapper fusion-flex-justify-content-flex-start fusion-content-layout-column\"><div class=\"fusion-text fusion-text-1\"><h2>Termini e condizioni<\/h2>\n<p><strong>CONDIZIONI DI AFFITTO<\/strong><\/p>\n<ul>\n<li><strong>ET\u00c0 DEL CONDUCENTE<\/strong><br \/>\nL&#8217;et\u00e0 minima del conducente per <a role=\"link\" href=\"https:\/\/vacanza-car-rentals.gr\/it\/\">noleggiare un&#8217;auto a la Chania<\/a> \u00e8 di 21 anni.<\/li>\n<li><strong>PATENTE DI GUIDA<br \/>\n<\/strong> Il conducente \u00e8 tenuto ad avere una patente di guida valida per 12 mesi, per le patenti che non sono scritte in caratteri latini viene richiesta patente internazionale.<\/li>\n<li><strong>MULTE E SANZIONI AMMINISTRATIVE<br \/>\n<\/strong> Multe e sanzioni amministrative derivanti dalla violazione del Codice della Strada durante il periodo di noleggio sono di esclusiva responsabilit\u00e0 del noleggiante.<\/li>\n<li><strong>CARBURANTE<br \/>\n<\/strong> Il carburante \u00e8 a carico del noleggiante il quale \u00e8 tenuto a restituire l&#8217;automobile con gli stessi livelli di benzina a quelli con i quali l&#8217;ha ricevuta.<\/li>\n<li><strong>PERIODO DI NOLEGGIO<br \/>\n<\/strong> Il periodo minimo di noleggio \u00e8 di un giorno.Il periodo minimo di noleggio \u00e8 di un giorno.<\/li>\n<li><strong>GPS \u2013 NAVIGATORE<br \/>\n<\/strong> Disponibile su richiesta con l&#8217;addebito supplementare di 3,00 al giorno.<\/li>\n<li><strong>TASSE<br \/>\n<\/strong> Tutti i prezzi sono IVA inclusa 24%.<\/li>\n<li><strong>CONSEGNA E RITIRO<br \/>\n<\/strong> Consegna e ritiro gratuito in alberghi, porti ed aeroporti.<\/li>\n<li><strong>NOLEGGI UNIDIREZIONALI<br \/>\n<\/strong> Per gli i noleggi unidirezionali tutte le automobili sono disponibili, a condizione che l&#8217;accordo e la conferma siano stati effettuati all&#8217;inizio del noleggio.<\/li>\n<li><strong>DISDETTE<\/strong><br \/>\n<i class=\"fa fa-check\"><\/i> Se la prenotazione viene annullata 7 giorni prima dell&#8217;arrivo non verr\u00e0 addebitata alcuna penale.<br \/>\n<i class=\"fa fa-check\"><\/i> Le prenotazioni annullate nell&#8217;ultima settimana verranno addebitate per 1 giorno di noleggio.<br \/>\n<i class=\"fa fa-check\"><\/i> Per le cancellazioni dell&#8217;ultimo minuto (no-show) verr\u00e0 addebitato l&#8217;intero importo.<\/li>\n<\/ul>\n<\/div><\/div><\/div><div class=\"fusion-layout-column fusion_builder_column fusion-builder-column-1 fusion_builder_column_1_2 1_2 fusion-flex-column\" style=\"--awb-bg-size:cover;--awb-width-large:50%;--awb-margin-top-large:0px;--awb-spacing-right-large:3.84%;--awb-margin-bottom-large:0px;--awb-spacing-left-large:3.84%;--awb-width-medium:50%;--awb-spacing-right-medium:3.84%;--awb-spacing-left-medium:3.84%;--awb-width-small:100%;--awb-spacing-right-small:1.92%;--awb-spacing-left-small:1.92%;\"><div class=\"fusion-column-wrapper fusion-flex-justify-content-flex-start fusion-content-layout-column\"><div class=\"fusion-text fusion-text-2\"><p><strong>POLITICHE ASSICURATIVE<\/strong><\/p>\n<p><i class=\"fa fa-check\"><\/i> Tutti i noleggianti di veicoli sono assicurati per incendio, furto e responsabilit\u00e0 contro terzi per morte, infortunio e danni materiali. Hanno anche un&#8217;assicurazione di responsabilit\u00e0 mista (CDW).<\/p>\n<p><strong>ESONERO COMPLETO DA RESPONSABILIT\u00c0 (FDW)<\/strong><\/p>\n<p>Tutte le nostre vetture consentono l&#8217;assicurazione completa senza percentuale di responsabilit\u00e0 del conducente che copre tutti i costi di riparazione in caso di incidente, ammesso che non sia stato violato il Codice Stradale. La suddetta assicurazione \u00e8 facoltativa e pu\u00f2 essere richiesta prima dell&#8217;inizio del noleggio, il costo al giorno \u00e8 di 12,00 euro. I pneumatici, le ruote ed i danni alla parte sotto la vettura non vengono coperti da alcuna assicurazione.<\/p>\n<p><strong>L&#8217;ASSICURAZIONE NON COPRE DANNI<\/strong><\/p>\n<p><i class=\"fa fa-check\"><\/i> All&#8217;interno e sotto la macchina.<br \/>\n<i class=\"fa fa-check\"><\/i> \u038cQuando il conducente provoca un incidente sotto l&#8217;effetto di droghe o di alcol.<br \/>\n<i class=\"fa fa-check\"><\/i> Se il conducente del veicolo non \u00e8 autorizzato a guidarla nel contratto di noleggio.<br \/>\n<i class=\"fa fa-check\"><\/i> Se il noleggiante non prende tutte le misure precauzionali necessarie per il parcheggio sicuro e la chiusura dell&#8217;automobile.<br \/>\n<i class=\"fa fa-check\"><\/i> Se l&#8217;automobile \u00e8 parcheggiata illegalmente.<br \/>\n<i class=\"fa fa-check\"><\/i> Danni causati come risultato della guida del veicolo su strada non adatta.<\/p>\n<\/div><\/div><\/div><\/div><\/div>\n","protected":false},"excerpt":{"rendered":"","protected":false},"author":1,"featured_media":228,"parent":0,"menu_order":0,"comment_status":"closed","ping_status":"closed","template":"","meta":{"footnotes":""},"class_list":["post-649","page","type-page","status-publish","has-post-thumbnail","hentry"],"yoast_head":"<!-- This site is optimized with the Yoast SEO plugin v20.8 - https:\/\/yoast.com\/wordpress\/plugins\/seo\/ -->\n<title>TERMINI DI SERVIZIO | Vacanza<\/title>\n<meta name=\"robots\" content=\"index, follow, max-snippet:-1, max-image-preview:large, max-video-preview:-1\" \/>\n<link rel=\"canonical\" href=\"https:\/\/vacanza-car-rentals.gr\/it\/termini-di-servizio\/\" \/>\n<meta property=\"og:locale\" content=\"it_IT\" \/>\n<meta property=\"og:type\" content=\"article\" \/>\n<meta property=\"og:title\" content=\"TERMINI DI SERVIZIO | Vacanza\" \/>\n<meta property=\"og:url\" content=\"https:\/\/vacanza-car-rentals.gr\/it\/termini-di-servizio\/\" \/>\n<meta property=\"og:site_name\" content=\"Vacanza\" \/>\n<meta property=\"article:publisher\" content=\"https:\/\/www.facebook.com\/profile.php?id=100065274109423\" \/>\n<meta property=\"article:modified_time\" content=\"2023-05-02T09:04:35+00:00\" \/>\n<meta property=\"og:image\" content=\"https:\/\/vacanza-car-rentals.gr\/wp-content\/uploads\/2023\/01\/evangelos-mpikakis-KIW3nMQyUEI-unsplash.jpg\" \/>\n\t<meta property=\"og:image:width\" content=\"1920\" \/>\n\t<meta property=\"og:image:height\" content=\"1080\" \/>\n\t<meta property=\"og:image:type\" content=\"image\/jpeg\" \/>\n<meta name=\"twitter:card\" content=\"summary_large_image\" \/>\n<meta name=\"twitter:label1\" content=\"Tempo di lettura stimato\" \/>\n\t<meta name=\"twitter:data1\" content=\"6 minuti\" \/>\n<script type=\"application\/ld+json\" class=\"yoast-schema-graph\">{\"@context\":\"https:\/\/schema.org\",\"@graph\":[{\"@type\":\"WebPage\",\"@id\":\"https:\/\/vacanza-car-rentals.gr\/it\/termini-di-servizio\/\",\"url\":\"https:\/\/vacanza-car-rentals.gr\/it\/termini-di-servizio\/\",\"name\":\"TERMINI DI SERVIZIO | Vacanza\",\"isPartOf\":{\"@id\":\"https:\/\/vacanza-car-rentals.gr\/#website\"},\"datePublished\":\"2023-01-19T08:55:14+00:00\",\"dateModified\":\"2023-05-02T09:04:35+00:00\",\"breadcrumb\":{\"@id\":\"https:\/\/vacanza-car-rentals.gr\/it\/termini-di-servizio\/#breadcrumb\"},\"inLanguage\":\"it-IT\",\"potentialAction\":[{\"@type\":\"ReadAction\",\"target\":[\"https:\/\/vacanza-car-rentals.gr\/it\/termini-di-servizio\/\"]}]},{\"@type\":\"BreadcrumbList\",\"@id\":\"https:\/\/vacanza-car-rentals.gr\/it\/termini-di-servizio\/#breadcrumb\",\"itemListElement\":[{\"@type\":\"ListItem\",\"position\":1,\"name\":\"\u0391\u03c1\u03c7\u03b9\u03ba\u03ae\",\"item\":\"https:\/\/vacanza-car-rentals.gr\/it\/\"},{\"@type\":\"ListItem\",\"position\":2,\"name\":\"TERMINI DI SERVIZIO\"}]},{\"@type\":\"WebSite\",\"@id\":\"https:\/\/vacanza-car-rentals.gr\/#website\",\"url\":\"https:\/\/vacanza-car-rentals.gr\/\",\"name\":\"Vacanza Car Rentals\",\"description\":\"Rent a Car Chania | Best Prices for Chania Car Rental\",\"publisher\":{\"@id\":\"https:\/\/vacanza-car-rentals.gr\/#organization\"},\"potentialAction\":[{\"@type\":\"SearchAction\",\"target\":{\"@type\":\"EntryPoint\",\"urlTemplate\":\"https:\/\/vacanza-car-rentals.gr\/?s={search_term_string}\"},\"query-input\":\"required name=search_term_string\"}],\"inLanguage\":\"it-IT\"},{\"@type\":\"Organization\",\"@id\":\"https:\/\/vacanza-car-rentals.gr\/#organization\",\"name\":\"Vacanza Car Rentals\",\"url\":\"https:\/\/vacanza-car-rentals.gr\/\",\"logo\":{\"@type\":\"ImageObject\",\"inLanguage\":\"it-IT\",\"@id\":\"https:\/\/vacanza-car-rentals.gr\/#\/schema\/logo\/image\/\",\"url\":\"https:\/\/vacanza-car-rentals.gr\/wp-content\/uploads\/2023\/01\/vacanza-logo-black.png\",\"contentUrl\":\"https:\/\/vacanza-car-rentals.gr\/wp-content\/uploads\/2023\/01\/vacanza-logo-black.png\",\"width\":187,\"height\":66,\"caption\":\"Vacanza Car Rentals\"},\"image\":{\"@id\":\"https:\/\/vacanza-car-rentals.gr\/#\/schema\/logo\/image\/\"},\"sameAs\":[\"https:\/\/www.facebook.com\/profile.php?id=100065274109423\"]}]}<\/script>\n<!-- \/ Yoast SEO plugin. -->","yoast_head_json":{"title":"TERMINI DI SERVIZIO | Vacanza","robots":{"index":"index","follow":"follow","max-snippet":"max-snippet:-1","max-image-preview":"max-image-preview:large","max-video-preview":"max-video-preview:-1"},"canonical":"https:\/\/vacanza-car-rentals.gr\/it\/termini-di-servizio\/","og_locale":"it_IT","og_type":"article","og_title":"TERMINI DI SERVIZIO | Vacanza","og_url":"https:\/\/vacanza-car-rentals.gr\/it\/termini-di-servizio\/","og_site_name":"Vacanza","article_publisher":"https:\/\/www.facebook.com\/profile.php?id=100065274109423","article_modified_time":"2023-05-02T09:04:35+00:00","og_image":[{"width":1920,"height":1080,"url":"https:\/\/vacanza-car-rentals.gr\/wp-content\/uploads\/2023\/01\/evangelos-mpikakis-KIW3nMQyUEI-unsplash.jpg","type":"image\/jpeg"}],"twitter_card":"summary_large_image","twitter_misc":{"Tempo di lettura stimato":"6 minuti"},"schema":{"@context":"https:\/\/schema.org","@graph":[{"@type":"WebPage","@id":"https:\/\/vacanza-car-rentals.gr\/it\/termini-di-servizio\/","url":"https:\/\/vacanza-car-rentals.gr\/it\/termini-di-servizio\/","name":"TERMINI DI SERVIZIO | Vacanza","isPartOf":{"@id":"https:\/\/vacanza-car-rentals.gr\/#website"},"datePublished":"2023-01-19T08:55:14+00:00","dateModified":"2023-05-02T09:04:35+00:00","breadcrumb":{"@id":"https:\/\/vacanza-car-rentals.gr\/it\/termini-di-servizio\/#breadcrumb"},"inLanguage":"it-IT","potentialAction":[{"@type":"ReadAction","target":["https:\/\/vacanza-car-rentals.gr\/it\/termini-di-servizio\/"]}]},{"@type":"BreadcrumbList","@id":"https:\/\/vacanza-car-rentals.gr\/it\/termini-di-servizio\/#breadcrumb","itemListElement":[{"@type":"ListItem","position":1,"name":"\u0391\u03c1\u03c7\u03b9\u03ba\u03ae","item":"https:\/\/vacanza-car-rentals.gr\/it\/"},{"@type":"ListItem","position":2,"name":"TERMINI DI SERVIZIO"}]},{"@type":"WebSite","@id":"https:\/\/vacanza-car-rentals.gr\/#website","url":"https:\/\/vacanza-car-rentals.gr\/","name":"Vacanza Car Rentals","description":"Rent a Car Chania | Best Prices for Chania Car Rental","publisher":{"@id":"https:\/\/vacanza-car-rentals.gr\/#organization"},"potentialAction":[{"@type":"SearchAction","target":{"@type":"EntryPoint","urlTemplate":"https:\/\/vacanza-car-rentals.gr\/?s={search_term_string}"},"query-input":"required name=search_term_string"}],"inLanguage":"it-IT"},{"@type":"Organization","@id":"https:\/\/vacanza-car-rentals.gr\/#organization","name":"Vacanza Car Rentals","url":"https:\/\/vacanza-car-rentals.gr\/","logo":{"@type":"ImageObject","inLanguage":"it-IT","@id":"https:\/\/vacanza-car-rentals.gr\/#\/schema\/logo\/image\/","url":"https:\/\/vacanza-car-rentals.gr\/wp-content\/uploads\/2023\/01\/vacanza-logo-black.png","contentUrl":"https:\/\/vacanza-car-rentals.gr\/wp-content\/uploads\/2023\/01\/vacanza-logo-black.png","width":187,"height":66,"caption":"Vacanza Car Rentals"},"image":{"@id":"https:\/\/vacanza-car-rentals.gr\/#\/schema\/logo\/image\/"},"sameAs":["https:\/\/www.facebook.com\/profile.php?id=100065274109423"]}]}},"_links":{"self":[{"href":"https:\/\/vacanza-car-rentals.gr\/it\/wp-json\/wp\/v2\/pages\/649","targetHints":{"allow":["GET"]}}],"collection":[{"href":"https:\/\/vacanza-car-rentals.gr\/it\/wp-json\/wp\/v2\/pages"}],"about":[{"href":"https:\/\/vacanza-car-rentals.gr\/it\/wp-json\/wp\/v2\/types\/page"}],"author":[{"embeddable":true,"href":"https:\/\/vacanza-car-rentals.gr\/it\/wp-json\/wp\/v2\/users\/1"}],"replies":[{"embeddable":true,"href":"https:\/\/vacanza-car-rentals.gr\/it\/wp-json\/wp\/v2\/comments?post=649"}],"version-history":[{"count":5,"href":"https:\/\/vacanza-car-rentals.gr\/it\/wp-json\/wp\/v2\/pages\/649\/revisions"}],"predecessor-version":[{"id":654,"href":"https:\/\/vacanza-car-rentals.gr\/it\/wp-json\/wp\/v2\/pages\/649\/revisions\/654"}],"wp:featuredmedia":[{"embeddable":true,"href":"https:\/\/vacanza-car-rentals.gr\/it\/wp-json\/wp\/v2\/media\/228"}],"wp:attachment":[{"href":"https:\/\/vacanza-car-rentals.gr\/it\/wp-json\/wp\/v2\/media?parent=649"}],"curies":[{"name":"wp","href":"https:\/\/api.w.org\/{rel}","templated":true}]}}