{"id":632,"date":"2023-01-19T10:55:14","date_gmt":"2023-01-19T08:55:14","guid":{"rendered":"https:\/\/vacanza.softwebpages.eu\/home\/"},"modified":"2023-06-26T12:06:36","modified_gmt":"2023-06-26T09:06:36","slug":"home","status":"publish","type":"page","link":"https:\/\/vacanza-car-rentals.gr\/it\/","title":{"rendered":"HOME"},"content":{"rendered":"<p><div class=\"fusion-fullwidth fullwidth-box fusion-builder-row-1 fusion-flex-container has-pattern-background has-mask-background intro nonhundred-percent-fullwidth hundred-percent-height hundred-percent-height-center-content non-hundred-percent-height-scrolling\" style=\"--awb-border-radius-top-left:0px;--awb-border-radius-top-right:0px;--awb-border-radius-bottom-right:0px;--awb-border-radius-bottom-left:0px;\" ><div class=\"fusion-builder-row fusion-row fusion-flex-align-items-flex-start\" style=\"max-width:104%;margin-left: calc(-4% \/ 2 );margin-right: calc(-4% \/ 2 );\"><div class=\"fusion-layout-column fusion_builder_column fusion-builder-column-0 fusion_builder_column_1_1 1_1 fusion-flex-column\" style=\"--awb-bg-size:cover;--awb-width-large:100%;--awb-margin-top-large:0px;--awb-spacing-right-large:1.92%;--awb-margin-bottom-large:20px;--awb-spacing-left-large:1.92%;--awb-width-medium:100%;--awb-order-medium:0;--awb-spacing-right-medium:1.92%;--awb-spacing-left-medium:1.92%;--awb-width-small:100%;--awb-order-small:0;--awb-spacing-right-small:1.92%;--awb-spacing-left-small:1.92%;\"><div class=\"fusion-column-wrapper fusion-column-has-shadow fusion-flex-justify-content-flex-start fusion-content-layout-column\"><div class=\"fusion-image-element \" style=\"--awb-caption-title-size:var(--h2_typography-font-size);--awb-caption-title-transform:var(--h2_typography-text-transform);--awb-caption-title-line-height:var(--h2_typography-line-height);--awb-caption-title-letter-spacing:var(--h2_typography-letter-spacing);\"><span class=\" fusion-imageframe imageframe-none imageframe-1 hover-type-none\"><img decoding=\"async\" width=\"1920\" height=\"1080\" title=\"intro\" src=\"https:\/\/vacanza-car-rentals.gr\/wp-content\/uploads\/2023\/01\/intro.jpg\" alt class=\"img-responsive wp-image-22\" srcset=\"https:\/\/vacanza-car-rentals.gr\/wp-content\/uploads\/2023\/01\/intro-300x169.jpg 300w, https:\/\/vacanza-car-rentals.gr\/wp-content\/uploads\/2023\/01\/intro-768x432.jpg 768w, https:\/\/vacanza-car-rentals.gr\/wp-content\/uploads\/2023\/01\/intro-1024x576.jpg 1024w, https:\/\/vacanza-car-rentals.gr\/wp-content\/uploads\/2023\/01\/intro-1536x864.jpg 1536w, https:\/\/vacanza-car-rentals.gr\/wp-content\/uploads\/2023\/01\/intro.jpg 1920w\" sizes=\"(max-width: 1920px) 100vw, 1920px\" \/><\/span><\/div><div class=\"fusion-social-links fusion-social-links-1\" style=\"--awb-margin-top:0px;--awb-margin-right:0px;--awb-margin-bottom:0px;--awb-margin-left:0px;--awb-box-border-top:0px;--awb-box-border-right:0px;--awb-box-border-bottom:0px;--awb-box-border-left:0px;--awb-icon-colors-hover:var(--awb-color4);--awb-box-colors-hover:var(--awb-color1);--awb-box-border-color:var(--awb-color3);--awb-box-border-color-hover:var(--awb-color4);\"><div class=\"fusion-social-networks color-type-custom\"><div class=\"fusion-social-networks-wrapper\"><a class=\"fusion-social-network-icon fusion-tooltip fusion-facebook awb-icon-facebook\" style=\"color:var(--awb-color6);font-size:16px;\" data-placement=\"top\" data-title=\"Facebook\" data-toggle=\"tooltip\" title=\"Facebook\" aria-label=\"facebook\" target=\"_blank\" rel=\"noopener noreferrer\" href=\"https:\/\/www.facebook.com\/people\/Vacanza-Car-Rentals\/100065274109423\/\"><\/a><a class=\"fusion-social-network-icon fusion-tooltip fusion-instagram awb-icon-instagram\" style=\"color:var(--awb-color6);font-size:16px;\" data-placement=\"top\" data-title=\"Instagram\" data-toggle=\"tooltip\" title=\"Instagram\" aria-label=\"instagram\" target=\"_blank\" rel=\"noopener noreferrer\" href=\"https:\/\/www.instagram.com\/vacanzacarrentals\/\"><\/a><\/div><\/div><\/div><div class=\"fusion-widget-area awb-widget-area-element fusion-widget-area-1 fusion-content-widget-area\" style=\"--awb-title-size:24px;--awb-title-color:var(--awb-color8);--awb-padding:0px 0px 0px 0px;\"><div id=\"mod_vikrentcar_search-6\" class=\"widget widget_mod_vikrentcar_search\" style=\"border-style: solid;border-color:transparent;border-width:0px;\"><div class=\"heading\"><h4 class=\"widget-title\">Search<\/h4><\/div>\r\n<div class=\"vrcdivsearch vrcdivsearchmodule vrc-searchmod-wrap-horizontal\">\r\n\t<form action=\"https:\/\/vacanza-car-rentals.gr\/it\/prenotazione\/?task=search\" method=\"post\" onsubmit=\"return vrcValidateSearch325();\">\r\n\t\t<input type=\"hidden\" name=\"task\" value=\"search\"\/>\r\n    <div class=\"vrc-searchmod-section-pickup\">\n<div class=\"vrcsfentrycont\"><label for=\"modplace\">Luogo Ritiro<\/label><div class=\"vrcsfentryselect\"><select name=\"place\" id=\"modplace\"><option value=\"1\">L'aeroporto di Chania<\/option>\n<option value=\"2\">Porto di Souda<\/option>\n<option value=\"3\">I nostri uffici - Chania<\/option>\n<option value=\"4\">L'hotel a Chania<\/option>\n<option value=\"5\">L'aeroporto di \u0397eraklion <\/option>\n<option value=\"6\">Porto di \u0397eraklion <\/option>\n<option value=\"7\">L'hotel a \u0397eraklion<\/option>\n<\/select><\/div><\/div>\n<div class=\"vrcsfentrycont\"><label for=\"modreturnplace\">Luogo Consegna<\/label><div class=\"vrcsfentryselect\"><select name=\"returnplace\" id=\"modreturnplace\"><option value=\"1\">L'aeroporto di Chania<\/option>\n<option value=\"2\">Porto di Souda<\/option>\n<option value=\"3\">I nostri uffici - Chania<\/option>\n<option value=\"4\">L'hotel a Chania<\/option>\n<option value=\"5\">L'aeroporto di \u0397eraklion <\/option>\n<option value=\"6\">Porto di \u0397eraklion <\/option>\n<option value=\"7\">L'hotel a \u0397eraklion<\/option>\n<\/select><\/div><\/div>\n<\/div>\n<div class=\"vrc-searchmod-section-datetimes\">\n<div class=\"vrcsfentrycont\">\n\t<div class=\"vrcsfentrylabsel\">\n\t\t<label for=\"pickupdatemod325\">Data di Ritiro<\/label>\n\t\t<div class=\"vrcsfentrydate\">\n\t\t\t<input type=\"text\" name=\"pickupdate\" id=\"pickupdatemod325\" size=\"10\" autocomplete=\"off\" onfocus=\"this.blur();\" readonly\/><i class=\"far fa-calendar-alt vrc-caltrigger\"><\/i>\n\t\t<\/div>\n\t<\/div>\n\t<div class=\"vrcsfentrytime\">\n\t\t<label for=\"pickuph\">Ora Ritiro<\/label>\n\t\t<div class=\"vrc-sf-time-container\">\n\t\t\t<span id=\"vrcmodselph\"><select id=\"pickuph\" name=\"pickuph\"><option value=\"0\">00<\/option>\n<option value=\"1\">01<\/option>\n<option value=\"2\">02<\/option>\n<option value=\"3\">03<\/option>\n<option value=\"4\">04<\/option>\n<option value=\"5\">05<\/option>\n<option value=\"6\">06<\/option>\n<option value=\"7\">07<\/option>\n<option value=\"8\">08<\/option>\n<option value=\"9\" selected=\"selected\">09<\/option>\n<option value=\"10\">10<\/option>\n<option value=\"11\">11<\/option>\n<option value=\"12\">12<\/option>\n<option value=\"13\">13<\/option>\n<option value=\"14\">14<\/option>\n<option value=\"15\">15<\/option>\n<option value=\"16\">16<\/option>\n<option value=\"17\">17<\/option>\n<option value=\"18\">18<\/option>\n<option value=\"19\">19<\/option>\n<option value=\"20\">20<\/option>\n<option value=\"21\">21<\/option>\n<option value=\"22\">22<\/option>\n<option value=\"23\">23<\/option>\n<\/select><\/span>\n\t\t\t<span class=\"vrctimesep\">:<\/span>\n\t\t\t<span id=\"vrcmodselpm\"><select name=\"pickupm\"><option value=\"0\" selected=\"selected\">00<\/option>\n<option value=\"15\">15<\/option>\n<option value=\"30\">30<\/option>\n<option value=\"45\">45<\/option>\n<\/select><\/span>\n\t\t<\/div>\n\t<\/div>\n<\/div>\n<div class=\"vrcsfentrycont\">\n\t<div class=\"vrcsfentrylabsel\">\n\t\t<label for=\"releasedatemod325\">Data di Consegna<\/label>\n\t\t<div class=\"vrcsfentrydate\">\n\t\t\t<input type=\"text\" name=\"releasedate\" id=\"releasedatemod325\" size=\"10\" autocomplete=\"off\" onfocus=\"this.blur();\" readonly\/><i class=\"far fa-calendar-alt vrc-caltrigger\"><\/i>\n\t\t<\/div>\n\t<\/div>\n\t<div class=\"vrcsfentrytime\">\n\t\t<label for=\"releaseh\">Ora Consegna<\/label>\n\t\t<div class=\"vrc-sf-time-container\">\n\t\t\t<span id=\"vrcmodseldh\"><select id=\"releaseh\" name=\"releaseh\"><option value=\"0\">00<\/option>\n<option value=\"1\">01<\/option>\n<option value=\"2\">02<\/option>\n<option value=\"3\">03<\/option>\n<option value=\"4\">04<\/option>\n<option value=\"5\">05<\/option>\n<option value=\"6\">06<\/option>\n<option value=\"7\">07<\/option>\n<option value=\"8\">08<\/option>\n<option value=\"9\" selected=\"selected\">09<\/option>\n<option value=\"10\">10<\/option>\n<option value=\"11\">11<\/option>\n<option value=\"12\">12<\/option>\n<option value=\"13\">13<\/option>\n<option value=\"14\">14<\/option>\n<option value=\"15\">15<\/option>\n<option value=\"16\">16<\/option>\n<option value=\"17\">17<\/option>\n<option value=\"18\">18<\/option>\n<option value=\"19\">19<\/option>\n<option value=\"20\">20<\/option>\n<option value=\"21\">21<\/option>\n<option value=\"22\">22<\/option>\n<option value=\"23\">23<\/option>\n<\/select><\/span>\n\t\t\t<span class=\"vrctimesep\">:<\/span>\n\t\t\t<span id=\"vrcmodseldm\"><select name=\"releasem\"><option value=\"0\" selected=\"selected\">00<\/option>\n<option value=\"15\">15<\/option>\n<option value=\"30\">30<\/option>\n<option value=\"45\">45<\/option>\n<\/select><\/span>\n\t\t<\/div>\n\t<\/div>\n<\/div>\n<\/div>\n<div class=\"vrc-searchmod-section-categories\"><div class=\"vrcsfentrycont\"><label for=\"vrc-categories325\">Categoria<\/label><div class=\"vrcsfentryselect\"><select id=\"vrc-categories325\" name=\"categories\"><option value=\"all\">Qualsiasi<\/option>\n<option value=\"1\">PICOLLA<\/option>\n<option value=\"2\">MEDIA<\/option>\n<option value=\"3\">FAMILIARE<\/option>\n<option value=\"4\">SUV-JEEP<\/option>\n<option value=\"5\">MINI BUS 7 POSTI<\/option>\n<option value=\"6\">CABRIOLET<\/option>\n<\/select><\/div><\/div>\n<\/div>    \t<div class=\"vrc-searchmod-section-sbmt\">\r\n\t\t\t<div class=\"vrcsfentrycont\">\r\n\t\t\t\t<div class=\"vrcsfentrysubmit\">\r\n\t\t\t\t\t<button type=\"submit\" class=\"btn vrcsearch vrc-pref-color-btn\">Ricerca<\/button>\r\n\t\t\t\t<\/div>\r\n\t\t\t<\/div>\r\n\t\t<\/div>\r\n    <\/form>\r\n<\/div>\r\n\r\n<script type=\"text\/javascript\">\r\nfunction vrcCleanNumber325(snum) {\r\n\tif (snum.length > 1 && snum.substr(0, 1) == '0') {\r\n\t\treturn parseInt(snum.substr(1));\r\n\t}\r\n\treturn parseInt(snum);\r\n}\r\nfunction vrcFormatTime325(h, m) {\r\n\tvar time_format = 'H:i';\r\n\tvar time_ftfour = (time_format == 'H:i');\r\n\tvar time_ampm = '';\r\n\tif (!time_ftfour) {\r\n\t\tif (h >= 12 && h < 24) {\r\n\t\t\ttime_ampm = ' PM';\r\n\t\t\tif (h > 12) {\r\n\t\t\t\th -= 12;\r\n\t\t\t}\r\n\t\t} else {\r\n\t\t\ttime_ampm = ' AM';\r\n\t\t}\r\n\t}\r\n\treturn (h < 10 ? ('0' + h) : h) + ':' + ((m < 10 ? ('0' + m) : m)) + time_ampm;\r\n}\r\nfunction vrcValidateSearch325() {\r\n\tif (typeof jQuery === 'undefined' || typeof vrcmod_wopening_pick === 'undefined') {\r\n\t\treturn true;\r\n\t}\r\n\tif (vrcmod_mopening_pick !== null) {\r\n\t\t\/\/ pickup time\r\n\t\tvar pickh = jQuery('#vrcmodselph').find('select').val();\r\n\t\tvar pickm = jQuery('#vrcmodselpm').find('select').val();\r\n\t\tif (!pickh || !pickh.length || !pickm) {\r\n\t\t\treturn true;\r\n\t\t}\r\n\t\tpickh = vrcCleanNumber325(pickh);\r\n\t\tpickm = vrcCleanNumber325(pickm);\r\n\t\tif (pickh == vrcmod_mopening_pick[0]) {\r\n\t\t\tif (pickm < vrcmod_mopening_pick[1]) {\r\n\t\t\t\t\/\/ location is still closed at this time\r\n\t\t\t\tjQuery('#vrcmodselpm').find('select').html('<option value=\"'+vrcmod_mopening_pick[1]+'\">'+(vrcmod_mopening_pick[1] < 10 ? '0'+vrcmod_mopening_pick[1] : vrcmod_mopening_pick[1])+'<\/option>').val(vrcmod_mopening_pick[1]);\r\n\t\t\t\talert(Joomla.JText._('VRC_LOC_WILL_OPEN_TIME').replace('%s', vrcFormatTime325(vrcmod_mopening_pick[0], vrcmod_mopening_pick[1])));\r\n\t\t\t\t\/\/ do not return false as we are overwriting the pickup time\r\n\t\t\t\t\/\/ return false;\r\n\t\t\t}\r\n\t\t}\r\n\t\tif (pickh == vrcmod_mopening_pick[2]) {\r\n\t\t\tif (pickm > vrcmod_mopening_pick[3]) {\r\n\t\t\t\t\/\/ location is already closed at this time for a pick up\r\n\t\t\t\tjQuery('#vrccomselpm').find('select').html('<option value=\"'+vrcmod_mopening_pick[3]+'\">'+(vrcmod_mopening_pick[3] < 10 ? '0'+vrcmod_mopening_pick[3] : vrcmod_mopening_pick[3])+'<\/option>').val(vrcmod_mopening_pick[3]);\r\n\t\t\t\talert(Joomla.JText._('VRC_LOC_WILL_CLOSE_TIME').replace('%s', vrcFormatTime325(vrcmod_mopening_pick[2], vrcmod_mopening_pick[3])));\r\n\t\t\t\t\/\/ do not return false as we are overwriting the pickup time\r\n\t\t\t\t\/\/ return false;\r\n\t\t\t}\r\n\t\t}\r\n\t\t\/\/ check for breaks\r\n\t\tif (vrcmod_mopening_pick[4] && vrcmod_mopening_pick[4].length) {\r\n\t\t\tfor (var b = 0; b < vrcmod_mopening_pick[4].length; b++) {\r\n\t\t\t\tif (!vrcmod_mopening_pick[4][b].hasOwnProperty('fh')) {\r\n\t\t\t\t\tcontinue;\r\n\t\t\t\t}\r\n\t\t\t\tvar break_mess = Joomla.JText._('VRC_PICKLOC_IS_ON_BREAK_TIME_FROM_TO')\r\n\t\t\t\t\t.replace('%s', vrcFormatTime325(vrcmod_mopening_pick[4][b]['fh'], vrcmod_mopening_pick[4][b]['fm']))\r\n\t\t\t\t\t.replace('%s', vrcFormatTime325(vrcmod_mopening_pick[4][b]['th'], vrcmod_mopening_pick[4][b]['tm']));\r\n\t\t\t\tvar break_from_secs = (vrcmod_mopening_pick[4][b]['fh'] * 3600) + (vrcmod_mopening_pick[4][b]['fm'] * 60);\r\n\t\t\t\tvar break_to_secs = (vrcmod_mopening_pick[4][b]['th'] * 3600) + (vrcmod_mopening_pick[4][b]['tm'] * 60);\r\n\t\t\t\tvar pick_secs = (pickh * 3600) + (pickm * 60);\r\n\t\t\t\tif (pick_secs > break_from_secs && pick_secs < break_to_secs) {\r\n\t\t\t\t\t\/\/ the location is on break at this time\r\n\t\t\t\t\talert(break_mess);\r\n\t\t\t\t\treturn false;\r\n\t\t\t\t} else if (vrcmod_mopening_pick[4][b]['fh'] > vrcmod_mopening_pick[4][b]['th'] && pick_secs < break_from_secs && pick_secs < break_to_secs) {\r\n\t\t\t\t\t\/\/ overnight break, with time after midnight\r\n\t\t\t\t\talert(break_mess);\r\n\t\t\t\t\treturn false;\r\n\t\t\t\t} else if (vrcmod_mopening_pick[4][b]['fh'] > vrcmod_mopening_pick[4][b]['th'] && pick_secs > break_from_secs && pick_secs > break_to_secs) {\r\n\t\t\t\t\t\/\/ overnight break, with time before midnight\r\n\t\t\t\t\talert(break_mess);\r\n\t\t\t\t\treturn false;\r\n\t\t\t\t}\r\n\t\t\t}\r\n\t\t}\r\n\t}\r\n\r\n\tif (vrcmod_mopening_drop !== null) {\r\n\t\t\/\/ dropoff time\r\n\t\tvar droph = jQuery('#vrcmodseldh').find('select').val();\r\n\t\tvar dropm = jQuery('#vrcmodseldm').find('select').val();\r\n\t\tif (!droph || !droph.length || !dropm) {\r\n\t\t\treturn true;\r\n\t\t}\r\n\t\tdroph = vrcCleanNumber325(droph);\r\n\t\tdropm = vrcCleanNumber325(dropm);\r\n\t\tif (droph == vrcmod_mopening_drop[0]) {\r\n\t\t\tif (dropm > vrcmod_mopening_drop[1]) {\r\n\t\t\t\t\/\/ location is already closed at this time\r\n\t\t\t\tjQuery('#vrcmodseldm').find('select').html('<option value=\"'+vrcmod_mopening_drop[1]+'\">'+(vrcmod_mopening_drop[1] < 10 ? '0'+vrcmod_mopening_drop[1] : vrcmod_mopening_drop[1])+'<\/option>').val(vrcmod_mopening_drop[1]);\r\n\t\t\t\talert(Joomla.JText._('VRC_LOC_WILL_CLOSE_TIME').replace('%s', 325(vrcmod_mopening_drop[0], vrcmod_mopening_drop[1])));\r\n\t\t\t\t\/\/ do not return false as we are overwriting the drop off time\r\n\t\t\t\t\/\/ return false;\r\n\t\t\t}\r\n\t\t}\r\n\t\tif (droph == vrcmod_mopening_drop[2]) {\r\n\t\t\tif (dropm < vrcmod_mopening_drop[3]) {\r\n\t\t\t\t\/\/ location is still closed at this time for a drop off\r\n\t\t\t\tjQuery('#vrcmodseldm').find('select').html('<option value=\"'+vrcmod_mopening_drop[3]+'\">'+(vrcmod_mopening_drop[3] < 10 ? '0'+vrcmod_mopening_drop[3] : vrcmod_mopening_drop[3])+'<\/option>').val(vrcmod_mopening_drop[3]);\r\n\t\t\t\talert(Joomla.JText._('VRC_LOC_WILL_OPEN_TIME').replace('%s', 325(vrcmod_mopening_drop[2], vrcmod_mopening_drop[3])));\r\n\t\t\t\t\/\/ do not return false as we are overwriting the drop off time\r\n\t\t\t\t\/\/ return false;\r\n\t\t\t}\r\n\t\t}\r\n\t\t\/\/ check for breaks\r\n\t\tif (vrcmod_mopening_drop[4] && vrcmod_mopening_drop[4].length) {\r\n\t\t\tfor (var b = 0; b < vrcmod_mopening_drop[4].length; b++) {\r\n\t\t\t\tif (!vrcmod_mopening_drop[4][b].hasOwnProperty('fh')) {\r\n\t\t\t\t\tcontinue;\r\n\t\t\t\t}\r\n\t\t\t\tvar break_mess = Joomla.JText._('VRC_DROPLOC_IS_ON_BREAK_TIME_FROM_TO')\r\n\t\t\t\t\t.replace('%s', 325(vrcmod_mopening_drop[4][b]['fh'], vrcmod_mopening_drop[4][b]['fm']))\r\n\t\t\t\t\t.replace('%s', 325(vrcmod_mopening_drop[4][b]['th'], vrcmod_mopening_drop[4][b]['tm']));\r\n\t\t\t\tvar break_from_secs = (vrcmod_mopening_drop[4][b]['fh'] * 3600) + (vrcmod_mopening_drop[4][b]['fm'] * 60);\r\n\t\t\t\tvar break_to_secs = (vrcmod_mopening_drop[4][b]['th'] * 3600) + (vrcmod_mopening_drop[4][b]['tm'] * 60);\r\n\t\t\t\tvar drop_secs = (droph * 3600) + (dropm * 60);\r\n\t\t\t\tif (drop_secs > break_from_secs && drop_secs < break_to_secs) {\r\n\t\t\t\t\t\/\/ the location is on break at this time\r\n\t\t\t\t\talert(break_mess);\r\n\t\t\t\t\treturn false;\r\n\t\t\t\t} else if (vrcmod_mopening_drop[4][b]['fh'] > vrcmod_mopening_drop[4][b]['th'] && drop_secs < break_from_secs && drop_secs < break_to_secs) {\r\n\t\t\t\t\t\/\/ overnight break, with time after midnight\r\n\t\t\t\t\talert(break_mess);\r\n\t\t\t\t\treturn false;\r\n\t\t\t\t} else if (vrcmod_mopening_drop[4][b]['fh'] > vrcmod_mopening_drop[4][b]['th'] && drop_secs > break_from_secs && drop_secs > break_to_secs) {\r\n\t\t\t\t\t\/\/ overnight break, with time before midnight\r\n\t\t\t\t\talert(break_mess);\r\n\t\t\t\t\treturn false;\r\n\t\t\t\t}\r\n\t\t\t}\r\n\t\t}\r\n\t}\r\n\r\n\treturn true;\r\n}\r\n<\/script>\r\n<\/div><div class=\"fusion-additional-widget-content\"><\/div><\/div><\/div><\/div><\/div><\/div><div class=\"fusion-bg-parallax\" data-bg-align=\"center center\" data-direction=\"down\" data-mute=\"false\" data-opacity=\"100\" data-velocity=\"-0.3\" data-mobile-enabled=\"false\" data-break_parents=\"0\" data-bg-image=\"https:\/\/vacanza-car-rentals.gr\/wp-content\/uploads\/2023\/01\/vacanza.jpg\" data-bg-repeat=\"false\" ><\/div><div class=\"fusion-fullwidth fullwidth-box fusion-builder-row-2 fusion-flex-container has-pattern-background has-mask-background fusion-parallax-down vacanza nonhundred-percent-fullwidth hundred-percent-height hundred-percent-height-center-content non-hundred-percent-height-scrolling\" style=\"--awb-border-radius-top-left:0px;--awb-border-radius-top-right:0px;--awb-border-radius-bottom-right:0px;--awb-border-radius-bottom-left:0px;--awb-background-image:url(&quot;https:\/\/vacanza-car-rentals.gr\/wp-content\/uploads\/2023\/01\/vacanza.jpg&quot;);--awb-background-size:cover;\" ><div class=\"fusion-builder-row fusion-row fusion-flex-align-items-flex-start\" style=\"max-width:104%;margin-left: calc(-4% \/ 2 );margin-right: calc(-4% \/ 2 );\"><div class=\"fusion-layout-column fusion_builder_column fusion-builder-column-1 fusion_builder_column_1_2 1_2 fusion-flex-column\" style=\"--awb-bg-size:cover;--awb-width-large:50%;--awb-margin-top-large:0px;--awb-spacing-right-large:3.84%;--awb-margin-bottom-large:20px;--awb-spacing-left-large:3.84%;--awb-width-medium:50%;--awb-order-medium:0;--awb-spacing-right-medium:3.84%;--awb-spacing-left-medium:3.84%;--awb-width-small:100%;--awb-order-small:0;--awb-spacing-right-small:1.92%;--awb-spacing-left-small:1.92%;\"><div class=\"fusion-column-wrapper fusion-column-has-shadow fusion-flex-justify-content-flex-start fusion-content-layout-column\"><div class=\"fusion-title title fusion-title-1 fusion-sep-none fusion-title-text fusion-title-size-one\"><h1 class=\"title-heading-left\" style=\"margin:0;\"><p><strong>VACANZA<\/strong><br \/>\nCAR<br \/>\nRENTALS<\/p><\/h1><\/div><\/div><\/div><div class=\"fusion-layout-column fusion_builder_column fusion-builder-column-2 fusion_builder_column_1_2 1_2 fusion-flex-column\" style=\"--awb-bg-size:cover;--awb-width-large:50%;--awb-margin-top-large:0px;--awb-spacing-right-large:3.84%;--awb-margin-bottom-large:20px;--awb-spacing-left-large:3.84%;--awb-width-medium:50%;--awb-order-medium:0;--awb-spacing-right-medium:3.84%;--awb-spacing-left-medium:3.84%;--awb-width-small:100%;--awb-order-small:0;--awb-spacing-right-small:1.92%;--awb-spacing-left-small:1.92%;\"><div class=\"fusion-column-wrapper fusion-column-has-shadow fusion-flex-justify-content-flex-start fusion-content-layout-column\"><div class=\"fusion-text fusion-text-1\"><p>Da 10 anni l&#8217;azienda di autonoleggio Vacanza offre un&#8217;ampia variet\u00e0 di auto nuove di tutte le categorie, dalle pi\u00f9 piccole alle pi\u00f9 grandi, con i prezzi pi\u00f9 competitivi a Chania e Creta. Come Azienda, abbiamo piena fiducia nei nostri clienti e li ricompensiamo quotidianamente <strong>senza mai pre-registrare la loro carta di credito.<\/strong><\/p>\n<p>Noleggia un&#8217;auto e goditi il tuo soggiorno a CHANIA guidando una delle nostre auto e scoprendo destinazioni uniche a Creta in tutta comodit\u00e0, sicurezza e lusso.<\/p>\n<\/div><div ><a class=\"fusion-button button-flat fusion-button-default-size button-default fusion-button-default button-1 fusion-button-default-span fusion-button-default-type\" target=\"_self\" href=\"\/it\/lazienda\/\"><span class=\"fusion-button-text\">leggi di pi\u00f9<\/span><\/a><\/div><\/div><\/div><\/div><\/div><div class=\"fusion-fullwidth fullwidth-box fusion-builder-row-3 fusion-flex-container has-pattern-background has-mask-background hometitle nonhundred-percent-fullwidth non-hundred-percent-height-scrolling\" style=\"--awb-border-radius-top-left:0px;--awb-border-radius-top-right:0px;--awb-border-radius-bottom-right:0px;--awb-border-radius-bottom-left:0px;\" ><div class=\"fusion-builder-row fusion-row fusion-flex-align-items-flex-start\" style=\"max-width:104%;margin-left: calc(-4% \/ 2 );margin-right: calc(-4% \/ 2 );\"><div class=\"fusion-layout-column fusion_builder_column fusion-builder-column-3 fusion_builder_column_1_1 1_1 fusion-flex-column\" style=\"--awb-bg-size:cover;--awb-width-large:100%;--awb-margin-top-large:0px;--awb-spacing-right-large:1.92%;--awb-margin-bottom-large:20px;--awb-spacing-left-large:1.92%;--awb-width-medium:100%;--awb-order-medium:0;--awb-spacing-right-medium:1.92%;--awb-spacing-left-medium:1.92%;--awb-width-small:100%;--awb-order-small:0;--awb-spacing-right-small:1.92%;--awb-spacing-left-small:1.92%;\"><div class=\"fusion-column-wrapper fusion-column-has-shadow fusion-flex-justify-content-flex-start fusion-content-layout-column\"><div class=\"fusion-title title fusion-title-2 fusion-sep-none fusion-title-text fusion-title-size-two\"><h2 class=\"title-heading-left\" style=\"margin:0;\">BENEFICI GRATUITI<\/h2><\/div><\/div><\/div><\/div><\/div><div class=\"fusion-fullwidth fullwidth-box fusion-builder-row-4 fusion-flex-container has-pattern-background has-mask-background mainblock nonhundred-percent-fullwidth non-hundred-percent-height-scrolling\" style=\"--awb-border-radius-top-left:0px;--awb-border-radius-top-right:0px;--awb-border-radius-bottom-right:0px;--awb-border-radius-bottom-left:0px;\" ><div class=\"fusion-builder-row fusion-row fusion-flex-align-items-flex-start\" style=\"max-width:104%;margin-left: calc(-4% \/ 2 );margin-right: calc(-4% \/ 2 );\"><div class=\"fusion-layout-column fusion_builder_column fusion-builder-column-4 fusion_builder_column_1_1 1_1 fusion-flex-column\" style=\"--awb-bg-size:cover;--awb-width-large:100%;--awb-margin-top-large:0px;--awb-spacing-right-large:1.92%;--awb-margin-bottom-large:20px;--awb-spacing-left-large:1.92%;--awb-width-medium:100%;--awb-order-medium:0;--awb-spacing-right-medium:1.92%;--awb-spacing-left-medium:1.92%;--awb-width-small:100%;--awb-order-small:0;--awb-spacing-right-small:1.92%;--awb-spacing-left-small:1.92%;\"><div class=\"fusion-column-wrapper fusion-column-has-shadow fusion-flex-justify-content-flex-start fusion-content-layout-column\"><div class=\"fusion-content-boxes content-boxes columns row fusion-columns-3 fusion-columns-total-6 fusion-content-boxes-1 content-boxes-icon-with-title content-left threecolumns\" style=\"--awb-hover-accent-color:var(--awb-color4);--awb-circle-hover-accent-color:var(--awb-color4);\" data-animationOffset=\"top-into-view\"><div style=\"--awb-backgroundcolor:rgba(255,255,255,0);\" class=\"fusion-column content-box-column content-box-column content-box-column-1 col-lg-4 col-md-4 col-sm-4 fusion-content-box-hover content-box-column-first-in-row\"><div class=\"col content-box-wrapper content-wrapper link-area-link-icon content-icon-wrapper-yes icon-hover-animation-fade\" data-animationOffset=\"top-into-view\"><div class=\"heading heading-with-icon icon-left\"><div aria-hidden=\"true\" class=\"image\"><img decoding=\"async\" src=\"https:\/\/vacanza-car-rentals.gr\/wp-content\/uploads\/2023\/01\/delivery.svg\" width=\"50\" height=\"57\" alt=\"\" \/><\/div><h3 class=\"content-box-heading\" style=\"--h3_typography-font-size:24px;line-height:29px;\">Consegna e ritiro gratuiti all'aeroporto di Chania<\/h3><\/div><div class=\"fusion-clearfix\"><\/div><div class=\"content-container\">\n<p>Le nostre tariffe per il noleggio di auto a Chania includono la consegna gratuita e la consegna presso l&#8217;aeroporto di Chania, il porto di Chania. Anche la consegna gratuita \u00e8 valida per l\u2019 albergo nella prefettura di Chania.<\/p>\n<\/div><\/div><\/div><div style=\"--awb-backgroundcolor:rgba(255,255,255,0);\" class=\"fusion-column content-box-column content-box-column content-box-column-2 col-lg-4 col-md-4 col-sm-4 fusion-content-box-hover \"><div class=\"col content-box-wrapper content-wrapper link-area-link-icon content-icon-wrapper-yes icon-hover-animation-fade\" data-animationOffset=\"top-into-view\"><div class=\"heading heading-with-icon icon-left\"><div aria-hidden=\"true\" class=\"image\"><img decoding=\"async\" src=\"https:\/\/vacanza-car-rentals.gr\/wp-content\/uploads\/2023\/01\/km.svg\" width=\"70\" height=\"60\" alt=\"\" \/><\/div><h3 class=\"content-box-heading\" style=\"--h3_typography-font-size:24px;line-height:29px;\">Chilometri illimitati<\/h3><\/div><div class=\"fusion-clearfix\"><\/div><div class=\"content-container\">\n<p>Chania \u00e8 una destinazione unica proprio come Creta. Per esplorare e conoscere le bellezze del territorio, offriamo chilometri illimitati gratuiti con ogni autonoleggio a Chania, Rethymno o Heraklion.<\/p>\n<\/div><\/div><\/div><div style=\"--awb-backgroundcolor:rgba(255,255,255,0);\" class=\"fusion-column content-box-column content-box-column content-box-column-3 col-lg-4 col-md-4 col-sm-4 fusion-content-box-hover content-box-column-last-in-row\"><div class=\"col content-box-wrapper content-wrapper link-area-link-icon content-icon-wrapper-yes icon-hover-animation-fade\" data-animationOffset=\"top-into-view\"><div class=\"heading heading-with-icon icon-left\"><div aria-hidden=\"true\" class=\"image\"><img decoding=\"async\" src=\"https:\/\/vacanza-car-rentals.gr\/wp-content\/uploads\/2023\/01\/2nd-driver.svg\" width=\"68\" height=\"56\" alt=\"\" \/><\/div><h3 class=\"content-box-heading\" style=\"--h3_typography-font-size:24px;line-height:29px;\">Driver aggiuntivo gratuito<\/h3><\/div><div class=\"fusion-clearfix\"><\/div><div class=\"content-container\">\n<p>A &#8220;Vacanza Rent a Car&#8221; Chania abbiamo molta esperienza nel noleggio di auto a Chania e Creta in generale. Conosciamo molto bene il comfort e la sicurezza di avere un autista in pi\u00f9 e per questo offriamo l&#8217;autista in pi\u00f9 gratuitamente.<\/p>\n<\/div><\/div><\/div><div style=\"--awb-backgroundcolor:rgba(255,255,255,0);\" class=\"fusion-column content-box-column content-box-column content-box-column-4 col-lg-4 col-md-4 col-sm-4 fusion-content-box-hover content-box-column-first-in-row\"><div class=\"col content-box-wrapper content-wrapper link-area-link-icon content-icon-wrapper-yes icon-hover-animation-fade\" data-animationOffset=\"top-into-view\"><div class=\"heading heading-with-icon icon-left\"><div aria-hidden=\"true\" class=\"image\"><img decoding=\"async\" src=\"https:\/\/vacanza-car-rentals.gr\/wp-content\/uploads\/2023\/01\/childseat.svg\" width=\"44\" height=\"56\" alt=\"\" \/><\/div><h3 class=\"content-box-heading\" style=\"--h3_typography-font-size:24px;line-height:29px;\">Seggiolini per neonati e bambini gratuiti<\/h3><\/div><div class=\"fusion-clearfix\"><\/div><div class=\"content-container\">\n<p>La sicurezza \u00e8 la nostra principale preoccupazione. Ci assicuriamo che le nostre auto siano sempre sicure e affidabili. Ma poich\u00e9 questo non \u00e8 sufficiente con ogni autonoleggio a Chania, Rethymno o Heraklion, offriamo seggiolini per bambini gratuiti. Con noi sei sempre al sicuro.<\/p>\n<\/div><\/div><\/div><div style=\"--awb-backgroundcolor:rgba(255,255,255,0);\" class=\"fusion-column content-box-column content-box-column content-box-column-5 col-lg-4 col-md-4 col-sm-4 fusion-content-box-hover \"><div class=\"col content-box-wrapper content-wrapper link-area-link-icon content-icon-wrapper-yes icon-hover-animation-fade\" data-animationOffset=\"top-into-view\"><div class=\"heading heading-with-icon icon-left\"><div aria-hidden=\"true\" class=\"image\"><img decoding=\"async\" src=\"https:\/\/vacanza-car-rentals.gr\/wp-content\/uploads\/2023\/01\/map.svg\" width=\"55\" height=\"55\" alt=\"\" \/><\/div><h3 class=\"content-box-heading\" style=\"--h3_typography-font-size:24px;line-height:29px;\">Soccorso stradale e tabella di marcia<\/h3><\/div><div class=\"fusion-clearfix\"><\/div><div class=\"content-container\">\n<p>Come abbiamo detto prima, la tua sicurezza \u00e8 la nostra priorit\u00e0 e il nostro obiettivo \u00e8 farti divertire sulla nostra isola. Per questo motivo con ogni autonoleggio a Chania e nelle altre aree che serviamo, forniamo assistenza stradale gratuita e una mappa stradale affidabile.<\/p>\n<\/div><\/div><\/div><div style=\"--awb-backgroundcolor:rgba(255,255,255,0);\" class=\"fusion-column content-box-column content-box-column content-box-column-6 col-lg-4 col-md-4 col-sm-4 fusion-content-box-hover content-box-column-last content-box-column-last-in-row\"><div class=\"col content-box-wrapper content-wrapper link-area-link-icon content-icon-wrapper-yes icon-hover-animation-fade\" data-animationOffset=\"top-into-view\"><div class=\"heading heading-with-icon icon-left\"><div aria-hidden=\"true\" class=\"image\"><img decoding=\"async\" src=\"https:\/\/vacanza-car-rentals.gr\/wp-content\/uploads\/2023\/01\/parking.svg\" width=\"54\" height=\"54\" alt=\"\" \/><\/div><h3 class=\"content-box-heading\" style=\"--h3_typography-font-size:24px;line-height:29px;\">Parcheggio gratuito<\/h3><\/div><div class=\"fusion-clearfix\"><\/div><div class=\"content-container\">\n<p>Il nostro ufficio si trova nella via pi\u00f9 centrale di Chania in 105 Halidon Street, a circa 200 metri dal porto veneziano e dal centro storico. Se scegli di soggiornare nel centro storico siamo un&#8217;ottima scelta in quanto disponiamo di parcheggio gratuito a 600 metri dal nostro ufficio.<\/p>\n<\/div><\/div><\/div><div class=\"fusion-clearfix\"><\/div><\/div><\/div><\/div><\/div><\/div><div class=\"fusion-fullwidth fullwidth-box fusion-builder-row-5 fusion-flex-container has-pattern-background has-mask-background usp nonhundred-percent-fullwidth non-hundred-percent-height-scrolling\" style=\"--awb-border-radius-top-left:0px;--awb-border-radius-top-right:0px;--awb-border-radius-bottom-right:0px;--awb-border-radius-bottom-left:0px;\" ><div class=\"fusion-builder-row fusion-row fusion-flex-align-items-flex-start\" style=\"max-width:104%;margin-left: calc(-4% \/ 2 );margin-right: calc(-4% \/ 2 );\"><div class=\"fusion-layout-column fusion_builder_column fusion-builder-column-5 fusion_builder_column_1_1 1_1 fusion-flex-column\" style=\"--awb-bg-size:cover;--awb-width-large:100%;--awb-margin-top-large:0px;--awb-spacing-right-large:1.92%;--awb-margin-bottom-large:20px;--awb-spacing-left-large:1.92%;--awb-width-medium:100%;--awb-order-medium:0;--awb-spacing-right-medium:1.92%;--awb-spacing-left-medium:1.92%;--awb-width-small:100%;--awb-order-small:0;--awb-spacing-right-small:1.92%;--awb-spacing-left-small:1.92%;\"><div class=\"fusion-column-wrapper fusion-column-has-shadow fusion-flex-justify-content-flex-start fusion-content-layout-column\"><div class=\"fusion-content-boxes content-boxes columns row fusion-columns-6 fusion-columns-total-6 fusion-content-boxes-2 content-boxes-icon-with-title content-left\" style=\"--awb-hover-accent-color:var(--awb-color4);--awb-circle-hover-accent-color:var(--awb-color4);\" data-animationOffset=\"top-into-view\"><div style=\"--awb-backgroundcolor:rgba(255,255,255,0);\" class=\"fusion-column content-box-column content-box-column content-box-column-1 col-lg-2 col-md-2 col-sm-2 fusion-content-box-hover content-box-column-first-in-row\"><div class=\"col content-box-wrapper content-wrapper link-area-link-icon content-icon-wrapper-yes icon-hover-animation-fade\" data-animationOffset=\"top-into-view\"><div class=\"heading heading-with-icon icon-left\"><div aria-hidden=\"true\" class=\"image\"><img decoding=\"async\" src=\"https:\/\/vacanza-car-rentals.gr\/wp-content\/uploads\/2023\/01\/price.svg\" width=\"33\" height=\"33\" alt=\"\" \/><\/div><h4 class=\"content-box-heading\" style=\"--h4_typography-font-size:24px;line-height:29px;\">Prezzi Competitivi<br \/>\n<\/h4><\/div><\/div><\/div><div style=\"--awb-backgroundcolor:rgba(255,255,255,0);\" class=\"fusion-column content-box-column content-box-column content-box-column-2 col-lg-2 col-md-2 col-sm-2 fusion-content-box-hover \"><div class=\"col content-box-wrapper content-wrapper link-area-link-icon content-icon-wrapper-yes icon-hover-animation-fade\" data-animationOffset=\"top-into-view\"><div class=\"heading heading-with-icon icon-left\"><div aria-hidden=\"true\" class=\"image\"><img decoding=\"async\" src=\"https:\/\/vacanza-car-rentals.gr\/wp-content\/uploads\/2023\/01\/cars.svg\" width=\"41\" height=\"28\" alt=\"\" \/><\/div><h4 class=\"content-box-heading\" style=\"--h4_typography-font-size:24px;line-height:29px;\">Ampia variet\u00e0 di automobili<br \/>\n<\/h4><\/div><\/div><\/div><div style=\"--awb-backgroundcolor:rgba(255,255,255,0);\" class=\"fusion-column content-box-column content-box-column content-box-column-3 col-lg-2 col-md-2 col-sm-2 fusion-content-box-hover \"><div class=\"col content-box-wrapper content-wrapper link-area-link-icon content-icon-wrapper-yes icon-hover-animation-fade\" data-animationOffset=\"top-into-view\"><div class=\"heading heading-with-icon icon-left\"><div aria-hidden=\"true\" class=\"image\"><img decoding=\"async\" src=\"https:\/\/vacanza-car-rentals.gr\/wp-content\/uploads\/2023\/01\/parking-1.svg\" width=\"28\" height=\"28\" alt=\"\" \/><\/div><h4 class=\"content-box-heading\" style=\"--h4_typography-font-size:24px;line-height:29px;\">Parcheggio gratuito<br \/>\n<\/h4><\/div><\/div><\/div><div style=\"--awb-backgroundcolor:rgba(255,255,255,0);\" class=\"fusion-column content-box-column content-box-column content-box-column-4 col-lg-2 col-md-2 col-sm-2 fusion-content-box-hover \"><div class=\"col content-box-wrapper content-wrapper link-area-link-icon content-icon-wrapper-yes icon-hover-animation-fade\" data-animationOffset=\"top-into-view\"><div class=\"heading heading-with-icon icon-left\"><div aria-hidden=\"true\" class=\"image\"><img decoding=\"async\" src=\"https:\/\/vacanza-car-rentals.gr\/wp-content\/uploads\/2023\/01\/prices.svg\" width=\"33\" height=\"29\" alt=\"\" \/><\/div><h4 class=\"content-box-heading\" style=\"--h4_typography-font-size:24px;line-height:29px;\">Prezzi senza commissioni nascoste<br \/>\n<\/h4><\/div><\/div><\/div><div style=\"--awb-backgroundcolor:rgba(255,255,255,0);\" class=\"fusion-column content-box-column content-box-column content-box-column-5 col-lg-2 col-md-2 col-sm-2 fusion-content-box-hover \"><div class=\"col content-box-wrapper content-wrapper link-area-link-icon content-icon-wrapper-yes icon-hover-animation-fade\" data-animationOffset=\"top-into-view\"><div class=\"heading heading-with-icon icon-left\"><div aria-hidden=\"true\" class=\"image\"><img decoding=\"async\" src=\"https:\/\/vacanza-car-rentals.gr\/wp-content\/uploads\/2023\/01\/24-7.svg\" width=\"30\" height=\"30\" alt=\"\" \/><\/div><h4 class=\"content-box-heading\" style=\"--h4_typography-font-size:24px;line-height:29px;\">Supporto 24 ore su 24<br \/>\n<\/h4><\/div><\/div><\/div><div style=\"--awb-backgroundcolor:rgba(255,255,255,0);\" class=\"fusion-column content-box-column content-box-column content-box-column-6 col-lg-2 col-md-2 col-sm-2 fusion-content-box-hover content-box-column-last content-box-column-last-in-row\"><div class=\"col content-box-wrapper content-wrapper link-area-link-icon content-icon-wrapper-yes icon-hover-animation-fade\" data-animationOffset=\"top-into-view\"><div class=\"heading heading-with-icon icon-left\"><div aria-hidden=\"true\" class=\"image\"><img decoding=\"async\" src=\"https:\/\/vacanza-car-rentals.gr\/wp-content\/uploads\/2023\/01\/credit.svg\" width=\"30\" height=\"22\" alt=\"\" \/><\/div><h4 class=\"content-box-heading\" style=\"--h4_typography-font-size:24px;line-height:29px;\">Noleggio senza preutilizzo della carta di credito<br \/>\n<\/h4><\/div><\/div><\/div><div class=\"fusion-clearfix\"><\/div><\/div><\/div><\/div><\/div><\/div><div class=\"fusion-fullwidth fullwidth-box fusion-builder-row-6 fusion-flex-container has-pattern-background has-mask-background hometitle nonhundred-percent-fullwidth non-hundred-percent-height-scrolling\" style=\"--awb-border-radius-top-left:0px;--awb-border-radius-top-right:0px;--awb-border-radius-bottom-right:0px;--awb-border-radius-bottom-left:0px;\" ><div class=\"fusion-builder-row fusion-row fusion-flex-align-items-flex-start\" style=\"max-width:104%;margin-left: calc(-4% \/ 2 );margin-right: calc(-4% \/ 2 );\"><div class=\"fusion-layout-column fusion_builder_column fusion-builder-column-6 fusion_builder_column_1_1 1_1 fusion-flex-column\" style=\"--awb-bg-size:cover;--awb-width-large:100%;--awb-margin-top-large:0px;--awb-spacing-right-large:1.92%;--awb-margin-bottom-large:20px;--awb-spacing-left-large:1.92%;--awb-width-medium:100%;--awb-order-medium:0;--awb-spacing-right-medium:1.92%;--awb-spacing-left-medium:1.92%;--awb-width-small:100%;--awb-order-small:0;--awb-spacing-right-small:1.92%;--awb-spacing-left-small:1.92%;\"><div class=\"fusion-column-wrapper fusion-column-has-shadow fusion-flex-justify-content-flex-start fusion-content-layout-column\"><div class=\"fusion-title title fusion-title-3 fusion-sep-none fusion-title-text fusion-title-size-two\"><h2 class=\"title-heading-left\" style=\"margin:0;\">LA NOSTRA FLOTTA<\/h2><\/div><div ><a class=\"fusion-button button-flat fusion-button-default-size button-default fusion-button-default button-2 fusion-button-default-span fusion-button-default-type\" target=\"_self\" href=\"\/it\/flotta\/\"><span class=\"fusion-button-text\">leggi di pi\u00f9<\/span><\/a><\/div><\/div><\/div><\/div><\/div><div class=\"fusion-fullwidth fullwidth-box fusion-builder-row-7 fusion-flex-container has-pattern-background has-mask-background nonhundred-percent-fullwidth non-hundred-percent-height-scrolling\" style=\"--awb-border-radius-top-left:0px;--awb-border-radius-top-right:0px;--awb-border-radius-bottom-right:0px;--awb-border-radius-bottom-left:0px;\" ><div class=\"fusion-builder-row fusion-row fusion-flex-align-items-flex-start\" style=\"max-width:104%;margin-left: calc(-4% \/ 2 );margin-right: calc(-4% \/ 2 );\"><div class=\"fusion-layout-column fusion_builder_column fusion-builder-column-7 fusion_builder_column_1_1 1_1 fusion-flex-column\" style=\"--awb-bg-size:cover;--awb-width-large:100%;--awb-margin-top-large:0px;--awb-spacing-right-large:1.92%;--awb-margin-bottom-large:20px;--awb-spacing-left-large:1.92%;--awb-width-medium:100%;--awb-order-medium:0;--awb-spacing-right-medium:1.92%;--awb-spacing-left-medium:1.92%;--awb-width-small:100%;--awb-order-small:0;--awb-spacing-right-small:1.92%;--awb-spacing-left-small:1.92%;\"><div class=\"fusion-column-wrapper fusion-column-has-shadow fusion-flex-justify-content-flex-start fusion-content-layout-column\"><div class=\"fusion-widget-area awb-widget-area-element fusion-widget-area-2 fusion-content-widget-area\" style=\"--awb-title-size:24px;--awb-title-color:var(--awb-color8);--awb-padding:0px 0px 0px 0px;\"><div id=\"mod_vikrentcar_cars-7\" class=\"widget widget_mod_vikrentcar_cars\" style=\"border-style: solid;border-color:transparent;border-width:0px;\"><div class=\"vrcmodcarsgridcontainer column-container wrap \">\n\t<div>\n\t\t<div id=\"vrc-modcars-538\" class=\"owl-carousel owl-theme vrcmodcarsgridcont-items vrcmodcarsgridhorizontal row-fluid\">\n\t\t\t\t\t<div class=\"vrc-modcars-item \" style=\"\" data-groups='[\"PICOLLA\"]'>\n\n\t\t\t\t<figure class=\"vrcmodcarsgridcont-item\">\n\t\t\t\t\t<div class=\"vrcmodcarsgridboxdiv\">\t\n\t\t\t\t\t\t\t\t\t\t\t\t<a href=\"https:\/\/vacanza-car-rentals.gr\/it\/flotta\/?view=cardetails&amp;carid=1\" title=\"\"><img decoding=\"async\" src=\"https:\/\/vacanza-car-rentals.gr\/wp-content\/plugins\/vikrentcar\/admin\/resources\/1kia_picanto_eco.png\" alt=\"\" class=\"vrcmodcarsgridimg\"\/><\/a>\n\t\t\t\t\t\t\t\t\t\t\t\t<div class=\"vrcmodcarsgrid-item_details\">\n\t\t\t\t\t\t<figcaption class=\"vrcmodcarsgrid-item_title\">Kia Picanto<\/figcaption>\n\t\t\t\t        \t\t\t\t\t\t\t\t\t\t\t\t<div class=\"vrcmodcarsgrid-box-cost\">\n\t\t\t\t\t\t\t<span class=\"vrcmodcarsgridstartfrom\">A partire da<\/span>\n\t\t\t\t\t\t\t<span class=\"vrcmodcarsgridcarcost\"><span class=\"vrc_currency\">\u20ac<\/span> <span class=\"vrc_price\">20.00<\/span><\/span>\n\t\t\t\t\t\t<\/div>\n\t\t\t\t\t\t\t\t\t\t        <\/div>\n\t\t\t\t\t\t<div class=\"vrcmodcarsgridview\">\n\t\t\t\t\t\t\t<a class=\"btn btn-vrcmodcarsgrid-btn vrc-pref-color-btn\" href=\"https:\/\/vacanza-car-rentals.gr\/it\/flotta\/?view=cardetails&amp;carid=1\" title=\"\">Conferma<\/a>\n\t\t\t\t\t\t<\/div>\n\t\t\t\t\t\t<div class=\"vrcmodcarsgrid-item-btm\">\n\t\t\t\t\t        \t\t\t\t\t\t\t<div class=\"vrcmodcarsgrid-item_cat\">PICOLLA<\/div>\n\t\t\t\t\t\t\t\t\t\t\t\t\t\t<div class=\"vrcmodcarsgrid-item_carat\"><div class=\"vrccaratsdiv\"><div class=\"vrccarcarat\"><span class=\"vrc-carat-cont\"><span class=\"vrc-expl\" data-vrc-expl=\"1200cc\"><img decoding=\"async\" src=\"https:\/\/vacanza-car-rentals.gr\/wp-content\/plugins\/vikrentcar\/admin\/resources\/motor.png\" alt=\"Motore CC: 1200cc\" \/><\/span><\/span>\n<\/div><div class=\"vrccarcarat\"><span class=\"vrc-carat-cont\"><span class=\"vrc-expl\" data-vrc-expl=\"4\"><img decoding=\"async\" src=\"https:\/\/vacanza-car-rentals.gr\/wp-content\/plugins\/vikrentcar\/admin\/resources\/persons.png\" alt=\"4 Passeggeri\" \/><\/span><\/span>\n<\/div><div class=\"vrccarcarat\"><span class=\"vrc-carat-cont\"><span class=\"vrc-expl\" data-vrc-expl=\"5\"><img decoding=\"async\" src=\"https:\/\/vacanza-car-rentals.gr\/wp-content\/plugins\/vikrentcar\/admin\/resources\/1doors.png\" alt=\"5 porte\" \/><\/span><\/span>\n<\/div><div class=\"vrccarcarat\"><span class=\"vrc-carat-cont\"><span class=\"vrc-expl\" data-vrc-expl=\"2\"><img decoding=\"async\" src=\"https:\/\/vacanza-car-rentals.gr\/wp-content\/plugins\/vikrentcar\/admin\/resources\/laguage.png\" alt=\"2 Bagagli\" \/><\/span><\/span>\n<\/div><div class=\"vrccarcarat\"><span class=\"vrc-carat-cont\"><span class=\"vrc-expl\" data-vrc-expl=\"M\"><img decoding=\"async\" src=\"https:\/\/vacanza-car-rentals.gr\/wp-content\/plugins\/vikrentcar\/admin\/resources\/gear.png\" alt=\"scatola del cambio: Manuale\" \/><\/span><\/span>\n<\/div><div class=\"vrccarcarat\"><span class=\"vrc-carat-cont\"><span class=\"vrc-expl\" data-vrc-expl=\"AC\"><img decoding=\"async\" src=\"https:\/\/vacanza-car-rentals.gr\/wp-content\/plugins\/vikrentcar\/admin\/resources\/ac.png\" alt=\"Aria condizionata\" \/><\/span><\/span>\n<\/div><div class=\"vrccarcarat\"><span class=\"vrc-carat-cont\"><span class=\"vrc-expl\" data-vrc-expl=\"ABS\"><img decoding=\"async\" src=\"https:\/\/vacanza-car-rentals.gr\/wp-content\/plugins\/vikrentcar\/admin\/resources\/abs.png\" alt=\"ABS\" \/><\/span><\/span>\n<\/div><div class=\"vrccarcarat\"><span class=\"vrc-carat-cont\"><span class=\"vrc-expl\" data-vrc-expl=\"Airbag\"><img decoding=\"async\" src=\"https:\/\/vacanza-car-rentals.gr\/wp-content\/plugins\/vikrentcar\/admin\/resources\/airbag.png\" alt=\"Airbag\" \/><\/span><\/span>\n<\/div><\/div>\n<\/div>\n\t\t\t\t\t\t<\/div>\n\t\t\t\t\t<\/div>\t\n\t\t\t\t<\/figure>\n\t\t\t<\/div>\n\t\t\t\t\t\t<div class=\"vrc-modcars-item \" style=\"\" data-groups='[\"PICOLLA\"]'>\n\n\t\t\t\t<figure class=\"vrcmodcarsgridcont-item\">\n\t\t\t\t\t<div class=\"vrcmodcarsgridboxdiv\">\t\n\t\t\t\t\t\t\t\t\t\t\t\t<a href=\"https:\/\/vacanza-car-rentals.gr\/it\/flotta\/?view=cardetails&amp;carid=33\" title=\"\"><img decoding=\"async\" src=\"https:\/\/vacanza-car-rentals.gr\/wp-content\/plugins\/vikrentcar\/admin\/resources\/1citroen-c1-.jpg\" alt=\"\" class=\"vrcmodcarsgridimg\"\/><\/a>\n\t\t\t\t\t\t\t\t\t\t\t\t<div class=\"vrcmodcarsgrid-item_details\">\n\t\t\t\t\t\t<figcaption class=\"vrcmodcarsgrid-item_title\">CITROEN C1<\/figcaption>\n\t\t\t\t        \t\t\t\t\t\t\t\t\t\t\t\t<div class=\"vrcmodcarsgrid-box-cost\">\n\t\t\t\t\t\t\t<span class=\"vrcmodcarsgridstartfrom\">A partire da<\/span>\n\t\t\t\t\t\t\t<span class=\"vrcmodcarsgridcarcost\"><span class=\"vrc_currency\">\u20ac<\/span> <span class=\"vrc_price\">20.00<\/span><\/span>\n\t\t\t\t\t\t<\/div>\n\t\t\t\t\t\t\t\t\t\t        <\/div>\n\t\t\t\t\t\t<div class=\"vrcmodcarsgridview\">\n\t\t\t\t\t\t\t<a class=\"btn btn-vrcmodcarsgrid-btn vrc-pref-color-btn\" href=\"https:\/\/vacanza-car-rentals.gr\/it\/flotta\/?view=cardetails&amp;carid=33\" title=\"\">Conferma<\/a>\n\t\t\t\t\t\t<\/div>\n\t\t\t\t\t\t<div class=\"vrcmodcarsgrid-item-btm\">\n\t\t\t\t\t        \t\t\t\t\t\t\t<div class=\"vrcmodcarsgrid-item_cat\">PICOLLA<\/div>\n\t\t\t\t\t\t\t\t\t\t\t\t\t\t<div class=\"vrcmodcarsgrid-item_carat\"><div class=\"vrccaratsdiv\"><div class=\"vrccarcarat\"><span class=\"vrc-carat-cont\"><span class=\"vrc-expl\" data-vrc-expl=\"4\"><img decoding=\"async\" src=\"https:\/\/vacanza-car-rentals.gr\/wp-content\/plugins\/vikrentcar\/admin\/resources\/persons.png\" alt=\"4 Passeggeri\" \/><\/span><\/span>\n<\/div><div class=\"vrccarcarat\"><span class=\"vrc-carat-cont\"><span class=\"vrc-expl\" data-vrc-expl=\"5\"><img decoding=\"async\" src=\"https:\/\/vacanza-car-rentals.gr\/wp-content\/plugins\/vikrentcar\/admin\/resources\/1doors.png\" alt=\"5 porte\" \/><\/span><\/span>\n<\/div><div class=\"vrccarcarat\"><span class=\"vrc-carat-cont\"><span class=\"vrc-expl\" data-vrc-expl=\"2\"><img decoding=\"async\" src=\"https:\/\/vacanza-car-rentals.gr\/wp-content\/plugins\/vikrentcar\/admin\/resources\/laguage.png\" alt=\"2 Bagagli\" \/><\/span><\/span>\n<\/div><div class=\"vrccarcarat\"><span class=\"vrc-carat-cont\"><span class=\"vrc-expl\" data-vrc-expl=\"M\"><img decoding=\"async\" src=\"https:\/\/vacanza-car-rentals.gr\/wp-content\/plugins\/vikrentcar\/admin\/resources\/gear.png\" alt=\"scatola del cambio: Manuale\" \/><\/span><\/span>\n<\/div><div class=\"vrccarcarat\"><span class=\"vrc-carat-cont\"><span class=\"vrc-expl\" data-vrc-expl=\"AC\"><img decoding=\"async\" src=\"https:\/\/vacanza-car-rentals.gr\/wp-content\/plugins\/vikrentcar\/admin\/resources\/ac.png\" alt=\"Aria condizionata\" \/><\/span><\/span>\n<\/div><div class=\"vrccarcarat\"><span class=\"vrc-carat-cont\"><span class=\"vrc-expl\" data-vrc-expl=\"ABS\"><img decoding=\"async\" src=\"https:\/\/vacanza-car-rentals.gr\/wp-content\/plugins\/vikrentcar\/admin\/resources\/abs.png\" alt=\"ABS\" \/><\/span><\/span>\n<\/div><div class=\"vrccarcarat\"><span class=\"vrc-carat-cont\"><span class=\"vrc-expl\" data-vrc-expl=\"Airbag\"><img decoding=\"async\" src=\"https:\/\/vacanza-car-rentals.gr\/wp-content\/plugins\/vikrentcar\/admin\/resources\/airbag.png\" alt=\"Airbag\" \/><\/span><\/span>\n<\/div><div class=\"vrccarcarat\"><span class=\"vrc-carat-cont\"><span class=\"vrc-expl\" data-vrc-expl=\"Combustibile: Benzina\"><img decoding=\"async\" src=\"https:\/\/vacanza-car-rentals.gr\/wp-content\/plugins\/vikrentcar\/admin\/resources\/fuel.png\" alt=\"Combustibile: Benzina\" \/><\/span><\/span>\n<\/div><\/div>\n<\/div>\n\t\t\t\t\t\t<\/div>\n\t\t\t\t\t<\/div>\t\n\t\t\t\t<\/figure>\n\t\t\t<\/div>\n\t\t\t\t\t\t<div class=\"vrc-modcars-item \" style=\"\" data-groups='[\"PICOLLA\"]'>\n\n\t\t\t\t<figure class=\"vrcmodcarsgridcont-item\">\n\t\t\t\t\t<div class=\"vrcmodcarsgridboxdiv\">\t\n\t\t\t\t\t\t\t\t\t\t\t\t<a href=\"https:\/\/vacanza-car-rentals.gr\/it\/flotta\/?view=cardetails&amp;carid=32\" title=\"\"><img decoding=\"async\" src=\"https:\/\/vacanza-car-rentals.gr\/wp-content\/plugins\/vikrentcar\/admin\/resources\/1seat-mii.jpg\" alt=\"\" class=\"vrcmodcarsgridimg\"\/><\/a>\n\t\t\t\t\t\t\t\t\t\t\t\t<div class=\"vrcmodcarsgrid-item_details\">\n\t\t\t\t\t\t<figcaption class=\"vrcmodcarsgrid-item_title\">SEAT Mii<\/figcaption>\n\t\t\t\t        \t\t\t\t\t\t\t\t\t\t\t\t<div class=\"vrcmodcarsgrid-box-cost\">\n\t\t\t\t\t\t\t<span class=\"vrcmodcarsgridstartfrom\">A partire da<\/span>\n\t\t\t\t\t\t\t<span class=\"vrcmodcarsgridcarcost\"><span class=\"vrc_currency\">\u20ac<\/span> <span class=\"vrc_price\">20.00<\/span><\/span>\n\t\t\t\t\t\t<\/div>\n\t\t\t\t\t\t\t\t\t\t        <\/div>\n\t\t\t\t\t\t<div class=\"vrcmodcarsgridview\">\n\t\t\t\t\t\t\t<a class=\"btn btn-vrcmodcarsgrid-btn vrc-pref-color-btn\" href=\"https:\/\/vacanza-car-rentals.gr\/it\/flotta\/?view=cardetails&amp;carid=32\" title=\"\">Conferma<\/a>\n\t\t\t\t\t\t<\/div>\n\t\t\t\t\t\t<div class=\"vrcmodcarsgrid-item-btm\">\n\t\t\t\t\t        \t\t\t\t\t\t\t<div class=\"vrcmodcarsgrid-item_cat\">PICOLLA<\/div>\n\t\t\t\t\t\t\t\t\t\t\t\t\t\t<div class=\"vrcmodcarsgrid-item_carat\"><div class=\"vrccaratsdiv\"><div class=\"vrccarcarat\"><span class=\"vrc-carat-cont\"><span class=\"vrc-expl\" data-vrc-expl=\"4\"><img decoding=\"async\" src=\"https:\/\/vacanza-car-rentals.gr\/wp-content\/plugins\/vikrentcar\/admin\/resources\/persons.png\" alt=\"4 Passeggeri\" \/><\/span><\/span>\n<\/div><div class=\"vrccarcarat\"><span class=\"vrc-carat-cont\"><span class=\"vrc-expl\" data-vrc-expl=\"5\"><img decoding=\"async\" src=\"https:\/\/vacanza-car-rentals.gr\/wp-content\/plugins\/vikrentcar\/admin\/resources\/1doors.png\" alt=\"5 porte\" \/><\/span><\/span>\n<\/div><div class=\"vrccarcarat\"><span class=\"vrc-carat-cont\"><span class=\"vrc-expl\" data-vrc-expl=\"2\"><img decoding=\"async\" src=\"https:\/\/vacanza-car-rentals.gr\/wp-content\/plugins\/vikrentcar\/admin\/resources\/laguage.png\" alt=\"2 Bagagli\" \/><\/span><\/span>\n<\/div><div class=\"vrccarcarat\"><span class=\"vrc-carat-cont\"><span class=\"vrc-expl\" data-vrc-expl=\"M\"><img decoding=\"async\" src=\"https:\/\/vacanza-car-rentals.gr\/wp-content\/plugins\/vikrentcar\/admin\/resources\/gear.png\" alt=\"scatola del cambio: Manuale\" \/><\/span><\/span>\n<\/div><div class=\"vrccarcarat\"><span class=\"vrc-carat-cont\"><span class=\"vrc-expl\" data-vrc-expl=\"AC\"><img decoding=\"async\" src=\"https:\/\/vacanza-car-rentals.gr\/wp-content\/plugins\/vikrentcar\/admin\/resources\/ac.png\" alt=\"Aria condizionata\" \/><\/span><\/span>\n<\/div><div class=\"vrccarcarat\"><span class=\"vrc-carat-cont\"><span class=\"vrc-expl\" data-vrc-expl=\"ABS\"><img decoding=\"async\" src=\"https:\/\/vacanza-car-rentals.gr\/wp-content\/plugins\/vikrentcar\/admin\/resources\/abs.png\" alt=\"ABS\" \/><\/span><\/span>\n<\/div><div class=\"vrccarcarat\"><span class=\"vrc-carat-cont\"><span class=\"vrc-expl\" data-vrc-expl=\"Airbag\"><img decoding=\"async\" src=\"https:\/\/vacanza-car-rentals.gr\/wp-content\/plugins\/vikrentcar\/admin\/resources\/airbag.png\" alt=\"Airbag\" \/><\/span><\/span>\n<\/div><div class=\"vrccarcarat\"><span class=\"vrc-carat-cont\"><span class=\"vrc-expl\" data-vrc-expl=\"Combustibile: Benzina\"><img decoding=\"async\" src=\"https:\/\/vacanza-car-rentals.gr\/wp-content\/plugins\/vikrentcar\/admin\/resources\/fuel.png\" alt=\"Combustibile: Benzina\" \/><\/span><\/span>\n<\/div><\/div>\n<\/div>\n\t\t\t\t\t\t<\/div>\n\t\t\t\t\t<\/div>\t\n\t\t\t\t<\/figure>\n\t\t\t<\/div>\n\t\t\t\t\t\t<div class=\"vrc-modcars-item \" style=\"\" data-groups='[\"PICOLLA\"]'>\n\n\t\t\t\t<figure class=\"vrcmodcarsgridcont-item\">\n\t\t\t\t\t<div class=\"vrcmodcarsgridboxdiv\">\t\n\t\t\t\t\t\t\t\t\t\t\t\t<a href=\"https:\/\/vacanza-car-rentals.gr\/it\/flotta\/?view=cardetails&amp;carid=31\" title=\"\"><img decoding=\"async\" src=\"https:\/\/vacanza-car-rentals.gr\/wp-content\/plugins\/vikrentcar\/admin\/resources\/1peugeot-108.jpg\" alt=\"\" class=\"vrcmodcarsgridimg\"\/><\/a>\n\t\t\t\t\t\t\t\t\t\t\t\t<div class=\"vrcmodcarsgrid-item_details\">\n\t\t\t\t\t\t<figcaption class=\"vrcmodcarsgrid-item_title\">PEUGEOT 108<\/figcaption>\n\t\t\t\t        \t\t\t\t\t\t\t\t\t\t\t\t<div class=\"vrcmodcarsgrid-box-cost\">\n\t\t\t\t\t\t\t<span class=\"vrcmodcarsgridstartfrom\">A partire da<\/span>\n\t\t\t\t\t\t\t<span class=\"vrcmodcarsgridcarcost\"><span class=\"vrc_currency\">\u20ac<\/span> <span class=\"vrc_price\">20.00<\/span><\/span>\n\t\t\t\t\t\t<\/div>\n\t\t\t\t\t\t\t\t\t\t        <\/div>\n\t\t\t\t\t\t<div class=\"vrcmodcarsgridview\">\n\t\t\t\t\t\t\t<a class=\"btn btn-vrcmodcarsgrid-btn vrc-pref-color-btn\" href=\"https:\/\/vacanza-car-rentals.gr\/it\/flotta\/?view=cardetails&amp;carid=31\" title=\"\">Conferma<\/a>\n\t\t\t\t\t\t<\/div>\n\t\t\t\t\t\t<div class=\"vrcmodcarsgrid-item-btm\">\n\t\t\t\t\t        \t\t\t\t\t\t\t<div class=\"vrcmodcarsgrid-item_cat\">PICOLLA<\/div>\n\t\t\t\t\t\t\t\t\t\t\t\t\t\t<div class=\"vrcmodcarsgrid-item_carat\"><div class=\"vrccaratsdiv\"><div class=\"vrccarcarat\"><span class=\"vrc-carat-cont\"><span class=\"vrc-expl\" data-vrc-expl=\"4\"><img decoding=\"async\" src=\"https:\/\/vacanza-car-rentals.gr\/wp-content\/plugins\/vikrentcar\/admin\/resources\/persons.png\" alt=\"4 Passeggeri\" \/><\/span><\/span>\n<\/div><div class=\"vrccarcarat\"><span class=\"vrc-carat-cont\"><span class=\"vrc-expl\" data-vrc-expl=\"5\"><img decoding=\"async\" src=\"https:\/\/vacanza-car-rentals.gr\/wp-content\/plugins\/vikrentcar\/admin\/resources\/1doors.png\" alt=\"5 porte\" \/><\/span><\/span>\n<\/div><div class=\"vrccarcarat\"><span class=\"vrc-carat-cont\"><span class=\"vrc-expl\" data-vrc-expl=\"2\"><img decoding=\"async\" src=\"https:\/\/vacanza-car-rentals.gr\/wp-content\/plugins\/vikrentcar\/admin\/resources\/laguage.png\" alt=\"2 Bagagli\" \/><\/span><\/span>\n<\/div><div class=\"vrccarcarat\"><span class=\"vrc-carat-cont\"><span class=\"vrc-expl\" data-vrc-expl=\"M\"><img decoding=\"async\" src=\"https:\/\/vacanza-car-rentals.gr\/wp-content\/plugins\/vikrentcar\/admin\/resources\/gear.png\" alt=\"scatola del cambio: Manuale\" \/><\/span><\/span>\n<\/div><div class=\"vrccarcarat\"><span class=\"vrc-carat-cont\"><span class=\"vrc-expl\" data-vrc-expl=\"AC\"><img decoding=\"async\" src=\"https:\/\/vacanza-car-rentals.gr\/wp-content\/plugins\/vikrentcar\/admin\/resources\/ac.png\" alt=\"Aria condizionata\" \/><\/span><\/span>\n<\/div><div class=\"vrccarcarat\"><span class=\"vrc-carat-cont\"><span class=\"vrc-expl\" data-vrc-expl=\"ABS\"><img decoding=\"async\" src=\"https:\/\/vacanza-car-rentals.gr\/wp-content\/plugins\/vikrentcar\/admin\/resources\/abs.png\" alt=\"ABS\" \/><\/span><\/span>\n<\/div><div class=\"vrccarcarat\"><span class=\"vrc-carat-cont\"><span class=\"vrc-expl\" data-vrc-expl=\"Airbag\"><img decoding=\"async\" src=\"https:\/\/vacanza-car-rentals.gr\/wp-content\/plugins\/vikrentcar\/admin\/resources\/airbag.png\" alt=\"Airbag\" \/><\/span><\/span>\n<\/div><div class=\"vrccarcarat\"><span class=\"vrc-carat-cont\"><span class=\"vrc-expl\" data-vrc-expl=\"Combustibile: Benzina\"><img decoding=\"async\" src=\"https:\/\/vacanza-car-rentals.gr\/wp-content\/plugins\/vikrentcar\/admin\/resources\/fuel.png\" alt=\"Combustibile: Benzina\" \/><\/span><\/span>\n<\/div><\/div>\n<\/div>\n\t\t\t\t\t\t<\/div>\n\t\t\t\t\t<\/div>\t\n\t\t\t\t<\/figure>\n\t\t\t<\/div>\n\t\t\t\t\t\t<div class=\"vrc-modcars-item \" style=\"\" data-groups='[\"PICOLLA\"]'>\n\n\t\t\t\t<figure class=\"vrcmodcarsgridcont-item\">\n\t\t\t\t\t<div class=\"vrcmodcarsgridboxdiv\">\t\n\t\t\t\t\t\t\t\t\t\t\t\t<a href=\"https:\/\/vacanza-car-rentals.gr\/it\/flotta\/?view=cardetails&amp;carid=2\" title=\"\"><img decoding=\"async\" src=\"https:\/\/vacanza-car-rentals.gr\/wp-content\/plugins\/vikrentcar\/admin\/resources\/1vw_up_eco.png\" alt=\"\" class=\"vrcmodcarsgridimg\"\/><\/a>\n\t\t\t\t\t\t\t\t\t\t\t\t<div class=\"vrcmodcarsgrid-item_details\">\n\t\t\t\t\t\t<figcaption class=\"vrcmodcarsgrid-item_title\">VW Up<\/figcaption>\n\t\t\t\t        \t\t\t\t\t\t\t\t\t\t\t\t<div class=\"vrcmodcarsgrid-box-cost\">\n\t\t\t\t\t\t\t<span class=\"vrcmodcarsgridstartfrom\">A partire da<\/span>\n\t\t\t\t\t\t\t<span class=\"vrcmodcarsgridcarcost\"><span class=\"vrc_currency\">\u20ac<\/span> <span class=\"vrc_price\">20.00<\/span><\/span>\n\t\t\t\t\t\t<\/div>\n\t\t\t\t\t\t\t\t\t\t        <\/div>\n\t\t\t\t\t\t<div class=\"vrcmodcarsgridview\">\n\t\t\t\t\t\t\t<a class=\"btn btn-vrcmodcarsgrid-btn vrc-pref-color-btn\" href=\"https:\/\/vacanza-car-rentals.gr\/it\/flotta\/?view=cardetails&amp;carid=2\" title=\"\">Conferma<\/a>\n\t\t\t\t\t\t<\/div>\n\t\t\t\t\t\t<div class=\"vrcmodcarsgrid-item-btm\">\n\t\t\t\t\t        \t\t\t\t\t\t\t<div class=\"vrcmodcarsgrid-item_cat\">PICOLLA<\/div>\n\t\t\t\t\t\t\t\t\t\t\t\t\t\t<div class=\"vrcmodcarsgrid-item_carat\"><div class=\"vrccaratsdiv\"><div class=\"vrccarcarat\"><span class=\"vrc-carat-cont\"><span class=\"vrc-expl\" data-vrc-expl=\"4\"><img decoding=\"async\" src=\"https:\/\/vacanza-car-rentals.gr\/wp-content\/plugins\/vikrentcar\/admin\/resources\/persons.png\" alt=\"4 Passeggeri\" \/><\/span><\/span>\n<\/div><div class=\"vrccarcarat\"><span class=\"vrc-carat-cont\"><span class=\"vrc-expl\" data-vrc-expl=\"5\"><img decoding=\"async\" src=\"https:\/\/vacanza-car-rentals.gr\/wp-content\/plugins\/vikrentcar\/admin\/resources\/1doors.png\" alt=\"5 porte\" \/><\/span><\/span>\n<\/div><div class=\"vrccarcarat\"><span class=\"vrc-carat-cont\"><span class=\"vrc-expl\" data-vrc-expl=\"2\"><img decoding=\"async\" src=\"https:\/\/vacanza-car-rentals.gr\/wp-content\/plugins\/vikrentcar\/admin\/resources\/laguage.png\" alt=\"2 Bagagli\" \/><\/span><\/span>\n<\/div><div class=\"vrccarcarat\"><span class=\"vrc-carat-cont\"><span class=\"vrc-expl\" data-vrc-expl=\"M\"><img decoding=\"async\" src=\"https:\/\/vacanza-car-rentals.gr\/wp-content\/plugins\/vikrentcar\/admin\/resources\/gear.png\" alt=\"scatola del cambio: Manuale\" \/><\/span><\/span>\n<\/div><div class=\"vrccarcarat\"><span class=\"vrc-carat-cont\"><span class=\"vrc-expl\" data-vrc-expl=\"AC\"><img decoding=\"async\" src=\"https:\/\/vacanza-car-rentals.gr\/wp-content\/plugins\/vikrentcar\/admin\/resources\/ac.png\" alt=\"Aria condizionata\" \/><\/span><\/span>\n<\/div><div class=\"vrccarcarat\"><span class=\"vrc-carat-cont\"><span class=\"vrc-expl\" data-vrc-expl=\"ABS\"><img decoding=\"async\" src=\"https:\/\/vacanza-car-rentals.gr\/wp-content\/plugins\/vikrentcar\/admin\/resources\/abs.png\" alt=\"ABS\" \/><\/span><\/span>\n<\/div><div class=\"vrccarcarat\"><span class=\"vrc-carat-cont\"><span class=\"vrc-expl\" data-vrc-expl=\"Airbag\"><img decoding=\"async\" src=\"https:\/\/vacanza-car-rentals.gr\/wp-content\/plugins\/vikrentcar\/admin\/resources\/airbag.png\" alt=\"Airbag\" \/><\/span><\/span>\n<\/div><div class=\"vrccarcarat\"><span class=\"vrc-carat-cont\"><span class=\"vrc-expl\" data-vrc-expl=\"Combustibile: Benzina\"><img decoding=\"async\" src=\"https:\/\/vacanza-car-rentals.gr\/wp-content\/plugins\/vikrentcar\/admin\/resources\/fuel.png\" alt=\"Combustibile: Benzina\" \/><\/span><\/span>\n<\/div><\/div>\n<\/div>\n\t\t\t\t\t\t<\/div>\n\t\t\t\t\t<\/div>\t\n\t\t\t\t<\/figure>\n\t\t\t<\/div>\n\t\t\t\t\t\t<div class=\"vrc-modcars-item \" style=\"\" data-groups='[\"PICOLLA, MEDIA\"]'>\n\n\t\t\t\t<figure class=\"vrcmodcarsgridcont-item\">\n\t\t\t\t\t<div class=\"vrcmodcarsgridboxdiv\">\t\n\t\t\t\t\t\t\t\t\t\t\t\t<a href=\"https:\/\/vacanza-car-rentals.gr\/it\/flotta\/?view=cardetails&amp;carid=11\" title=\"\"><img decoding=\"async\" src=\"https:\/\/vacanza-car-rentals.gr\/wp-content\/plugins\/vikrentcar\/admin\/resources\/suzuki_celerio_2_eco.png\" alt=\"\" class=\"vrcmodcarsgridimg\"\/><\/a>\n\t\t\t\t\t\t\t\t\t\t\t\t<div class=\"vrcmodcarsgrid-item_details\">\n\t\t\t\t\t\t<figcaption class=\"vrcmodcarsgrid-item_title\">Suzuki Celerio<\/figcaption>\n\t\t\t\t        \t\t\t\t\t\t\t\t\t\t\t\t<div class=\"vrcmodcarsgrid-box-cost\">\n\t\t\t\t\t\t\t<span class=\"vrcmodcarsgridstartfrom\">A partire da<\/span>\n\t\t\t\t\t\t\t<span class=\"vrcmodcarsgridcarcost\"><span class=\"vrc_currency\">\u20ac<\/span> <span class=\"vrc_price\">23.00<\/span><\/span>\n\t\t\t\t\t\t<\/div>\n\t\t\t\t\t\t\t\t\t\t        <\/div>\n\t\t\t\t\t\t<div class=\"vrcmodcarsgridview\">\n\t\t\t\t\t\t\t<a class=\"btn btn-vrcmodcarsgrid-btn vrc-pref-color-btn\" href=\"https:\/\/vacanza-car-rentals.gr\/it\/flotta\/?view=cardetails&amp;carid=11\" title=\"\">Conferma<\/a>\n\t\t\t\t\t\t<\/div>\n\t\t\t\t\t\t<div class=\"vrcmodcarsgrid-item-btm\">\n\t\t\t\t\t        \t\t\t\t\t\t\t<div class=\"vrcmodcarsgrid-item_cat\">PICOLLA, MEDIA<\/div>\n\t\t\t\t\t\t\t\t\t\t\t\t\t\t<div class=\"vrcmodcarsgrid-item_carat\"><div class=\"vrccaratsdiv\"><div class=\"vrccarcarat\"><span class=\"vrc-carat-cont\"><span class=\"vrc-expl\" data-vrc-expl=\"4\"><img decoding=\"async\" src=\"https:\/\/vacanza-car-rentals.gr\/wp-content\/plugins\/vikrentcar\/admin\/resources\/persons.png\" alt=\"4 Passeggeri\" \/><\/span><\/span>\n<\/div><div class=\"vrccarcarat\"><span class=\"vrc-carat-cont\"><span class=\"vrc-expl\" data-vrc-expl=\"5\"><img decoding=\"async\" src=\"https:\/\/vacanza-car-rentals.gr\/wp-content\/plugins\/vikrentcar\/admin\/resources\/1doors.png\" alt=\"5 porte\" \/><\/span><\/span>\n<\/div><div class=\"vrccarcarat\"><span class=\"vrc-carat-cont\"><span class=\"vrc-expl\" data-vrc-expl=\"2\"><img decoding=\"async\" src=\"https:\/\/vacanza-car-rentals.gr\/wp-content\/plugins\/vikrentcar\/admin\/resources\/laguage.png\" alt=\"2 Bagagli\" \/><\/span><\/span>\n<\/div><div class=\"vrccarcarat\"><span class=\"vrc-carat-cont\"><span class=\"vrc-expl\" data-vrc-expl=\"M\"><img decoding=\"async\" src=\"https:\/\/vacanza-car-rentals.gr\/wp-content\/plugins\/vikrentcar\/admin\/resources\/gear.png\" alt=\"scatola del cambio: Manuale\" \/><\/span><\/span>\n<\/div><div class=\"vrccarcarat\"><span class=\"vrc-carat-cont\"><span class=\"vrc-expl\" data-vrc-expl=\"AC\"><img decoding=\"async\" src=\"https:\/\/vacanza-car-rentals.gr\/wp-content\/plugins\/vikrentcar\/admin\/resources\/ac.png\" alt=\"Aria condizionata\" \/><\/span><\/span>\n<\/div><div class=\"vrccarcarat\"><span class=\"vrc-carat-cont\"><span class=\"vrc-expl\" data-vrc-expl=\"ABS\"><img decoding=\"async\" src=\"https:\/\/vacanza-car-rentals.gr\/wp-content\/plugins\/vikrentcar\/admin\/resources\/abs.png\" alt=\"ABS\" \/><\/span><\/span>\n<\/div><div class=\"vrccarcarat\"><span class=\"vrc-carat-cont\"><span class=\"vrc-expl\" data-vrc-expl=\"Airbag\"><img decoding=\"async\" src=\"https:\/\/vacanza-car-rentals.gr\/wp-content\/plugins\/vikrentcar\/admin\/resources\/airbag.png\" alt=\"Airbag\" \/><\/span><\/span>\n<\/div><div class=\"vrccarcarat\"><span class=\"vrc-carat-cont\"><span class=\"vrc-expl\" data-vrc-expl=\"Combustibile: Benzina\"><img decoding=\"async\" src=\"https:\/\/vacanza-car-rentals.gr\/wp-content\/plugins\/vikrentcar\/admin\/resources\/fuel.png\" alt=\"Combustibile: Benzina\" \/><\/span><\/span>\n<\/div><\/div>\n<\/div>\n\t\t\t\t\t\t<\/div>\n\t\t\t\t\t<\/div>\t\n\t\t\t\t<\/figure>\n\t\t\t<\/div>\n\t\t\t\t\t\t<div class=\"vrc-modcars-item \" style=\"\" data-groups='[\"MEDIA\"]'>\n\n\t\t\t\t<figure class=\"vrcmodcarsgridcont-item\">\n\t\t\t\t\t<div class=\"vrcmodcarsgridboxdiv\">\t\n\t\t\t\t\t\t\t\t\t\t\t\t<a href=\"https:\/\/vacanza-car-rentals.gr\/it\/flotta\/?view=cardetails&amp;carid=38\" title=\"\"><img decoding=\"async\" src=\"https:\/\/vacanza-car-rentals.gr\/wp-content\/plugins\/vikrentcar\/admin\/resources\/1691661019138.png\" alt=\"\" class=\"vrcmodcarsgridimg\"\/><\/a>\n\t\t\t\t\t\t\t\t\t\t\t\t<div class=\"vrcmodcarsgrid-item_details\">\n\t\t\t\t\t\t<figcaption class=\"vrcmodcarsgrid-item_title\">SUZUKI IGNIS<\/figcaption>\n\t\t\t\t        \t\t\t\t\t\t\t\t\t\t\t\t<div class=\"vrcmodcarsgrid-box-cost\">\n\t\t\t\t\t\t\t<span class=\"vrcmodcarsgridstartfrom\">A partire da<\/span>\n\t\t\t\t\t\t\t<span class=\"vrcmodcarsgridcarcost\"><span class=\"vrc_currency\">\u20ac<\/span> <span class=\"vrc_price\">23.00<\/span><\/span>\n\t\t\t\t\t\t<\/div>\n\t\t\t\t\t\t\t\t\t\t        <\/div>\n\t\t\t\t\t\t<div class=\"vrcmodcarsgridview\">\n\t\t\t\t\t\t\t<a class=\"btn btn-vrcmodcarsgrid-btn vrc-pref-color-btn\" href=\"https:\/\/vacanza-car-rentals.gr\/it\/flotta\/?view=cardetails&amp;carid=38\" title=\"\">Conferma<\/a>\n\t\t\t\t\t\t<\/div>\n\t\t\t\t\t\t<div class=\"vrcmodcarsgrid-item-btm\">\n\t\t\t\t\t        \t\t\t\t\t\t\t<div class=\"vrcmodcarsgrid-item_cat\">MEDIA<\/div>\n\t\t\t\t\t\t\t\t\t\t\t\t\t\t<div class=\"vrcmodcarsgrid-item_carat\"><div class=\"vrccaratsdiv\"><div class=\"vrccarcarat\"><span class=\"vrc-carat-cont\"><span class=\"vrc-expl\" data-vrc-expl=\"1200cc\"><img decoding=\"async\" src=\"https:\/\/vacanza-car-rentals.gr\/wp-content\/plugins\/vikrentcar\/admin\/resources\/motor.png\" alt=\"Motore CC: 1200cc\" \/><\/span><\/span>\n<\/div><div class=\"vrccarcarat\"><span class=\"vrc-carat-cont\"><span class=\"vrc-expl\" data-vrc-expl=\"5\"><img decoding=\"async\" src=\"https:\/\/vacanza-car-rentals.gr\/wp-content\/plugins\/vikrentcar\/admin\/resources\/1persons.png\" alt=\"5 Passeggeri\" \/><\/span><\/span>\n<\/div><div class=\"vrccarcarat\"><span class=\"vrc-carat-cont\"><span class=\"vrc-expl\" data-vrc-expl=\"5\"><img decoding=\"async\" src=\"https:\/\/vacanza-car-rentals.gr\/wp-content\/plugins\/vikrentcar\/admin\/resources\/1doors.png\" alt=\"5 porte\" \/><\/span><\/span>\n<\/div><div class=\"vrccarcarat\"><span class=\"vrc-carat-cont\"><span class=\"vrc-expl\" data-vrc-expl=\"2\"><img decoding=\"async\" src=\"https:\/\/vacanza-car-rentals.gr\/wp-content\/plugins\/vikrentcar\/admin\/resources\/laguage.png\" alt=\"2 Bagagli\" \/><\/span><\/span>\n<\/div><div class=\"vrccarcarat\"><span class=\"vrc-carat-cont\"><span class=\"vrc-expl\" data-vrc-expl=\"M\"><img decoding=\"async\" src=\"https:\/\/vacanza-car-rentals.gr\/wp-content\/plugins\/vikrentcar\/admin\/resources\/gear.png\" alt=\"scatola del cambio: Manuale\" \/><\/span><\/span>\n<\/div><div class=\"vrccarcarat\"><span class=\"vrc-carat-cont\"><span class=\"vrc-expl\" data-vrc-expl=\"ABS\"><img decoding=\"async\" src=\"https:\/\/vacanza-car-rentals.gr\/wp-content\/plugins\/vikrentcar\/admin\/resources\/abs.png\" alt=\"ABS\" \/><\/span><\/span>\n<\/div><div class=\"vrccarcarat\"><span class=\"vrc-carat-cont\"><span class=\"vrc-expl\" data-vrc-expl=\"Airbag\"><img decoding=\"async\" src=\"https:\/\/vacanza-car-rentals.gr\/wp-content\/plugins\/vikrentcar\/admin\/resources\/airbag.png\" alt=\"Airbag\" \/><\/span><\/span>\n<\/div><div class=\"vrccarcarat\"><span class=\"vrc-carat-cont\"><span class=\"vrc-expl\" data-vrc-expl=\"Combustibile: Benzina\"><img decoding=\"async\" src=\"https:\/\/vacanza-car-rentals.gr\/wp-content\/plugins\/vikrentcar\/admin\/resources\/fuel.png\" alt=\"Combustibile: Benzina\" \/><\/span><\/span>\n<\/div><\/div>\n<\/div>\n\t\t\t\t\t\t<\/div>\n\t\t\t\t\t<\/div>\t\n\t\t\t\t<\/figure>\n\t\t\t<\/div>\n\t\t\t\t\t\t<div class=\"vrc-modcars-item \" style=\"\" data-groups='[\"PICOLLA, MEDIA\"]'>\n\n\t\t\t\t<figure class=\"vrcmodcarsgridcont-item\">\n\t\t\t\t\t<div class=\"vrcmodcarsgridboxdiv\">\t\n\t\t\t\t\t\t\t\t\t\t\t\t<a href=\"https:\/\/vacanza-car-rentals.gr\/it\/flotta\/?view=cardetails&amp;carid=4\" title=\"\"><img decoding=\"async\" src=\"https:\/\/vacanza-car-rentals.gr\/wp-content\/plugins\/vikrentcar\/admin\/resources\/1fiat_panda_pop_eco.png\" alt=\"\" class=\"vrcmodcarsgridimg\"\/><\/a>\n\t\t\t\t\t\t\t\t\t\t\t\t<div class=\"vrcmodcarsgrid-item_details\">\n\t\t\t\t\t\t<figcaption class=\"vrcmodcarsgrid-item_title\">Fiat Panda<\/figcaption>\n\t\t\t\t        \t\t\t\t\t\t\t\t\t\t\t\t<div class=\"vrcmodcarsgrid-box-cost\">\n\t\t\t\t\t\t\t<span class=\"vrcmodcarsgridstartfrom\">A partire da<\/span>\n\t\t\t\t\t\t\t<span class=\"vrcmodcarsgridcarcost\"><span class=\"vrc_currency\">\u20ac<\/span> <span class=\"vrc_price\">23.00<\/span><\/span>\n\t\t\t\t\t\t<\/div>\n\t\t\t\t\t\t\t\t\t\t        <\/div>\n\t\t\t\t\t\t<div class=\"vrcmodcarsgridview\">\n\t\t\t\t\t\t\t<a class=\"btn btn-vrcmodcarsgrid-btn vrc-pref-color-btn\" href=\"https:\/\/vacanza-car-rentals.gr\/it\/flotta\/?view=cardetails&amp;carid=4\" title=\"\">Conferma<\/a>\n\t\t\t\t\t\t<\/div>\n\t\t\t\t\t\t<div class=\"vrcmodcarsgrid-item-btm\">\n\t\t\t\t\t        \t\t\t\t\t\t\t<div class=\"vrcmodcarsgrid-item_cat\">PICOLLA, MEDIA<\/div>\n\t\t\t\t\t\t\t\t\t\t\t\t\t\t<div class=\"vrcmodcarsgrid-item_carat\"><div class=\"vrccaratsdiv\"><div class=\"vrccarcarat\"><span class=\"vrc-carat-cont\"><span class=\"vrc-expl\" data-vrc-expl=\"1200cc\"><img decoding=\"async\" src=\"https:\/\/vacanza-car-rentals.gr\/wp-content\/plugins\/vikrentcar\/admin\/resources\/motor.png\" alt=\"Motore CC: 1200cc\" \/><\/span><\/span>\n<\/div><div class=\"vrccarcarat\"><span class=\"vrc-carat-cont\"><span class=\"vrc-expl\" data-vrc-expl=\"4\"><img decoding=\"async\" src=\"https:\/\/vacanza-car-rentals.gr\/wp-content\/plugins\/vikrentcar\/admin\/resources\/persons.png\" alt=\"4 Passeggeri\" \/><\/span><\/span>\n<\/div><div class=\"vrccarcarat\"><span class=\"vrc-carat-cont\"><span class=\"vrc-expl\" data-vrc-expl=\"5\"><img decoding=\"async\" src=\"https:\/\/vacanza-car-rentals.gr\/wp-content\/plugins\/vikrentcar\/admin\/resources\/1doors.png\" alt=\"5 porte\" \/><\/span><\/span>\n<\/div><div class=\"vrccarcarat\"><span class=\"vrc-carat-cont\"><span class=\"vrc-expl\" data-vrc-expl=\"2\"><img decoding=\"async\" src=\"https:\/\/vacanza-car-rentals.gr\/wp-content\/plugins\/vikrentcar\/admin\/resources\/laguage.png\" alt=\"2 Bagagli\" \/><\/span><\/span>\n<\/div><div class=\"vrccarcarat\"><span class=\"vrc-carat-cont\"><span class=\"vrc-expl\" data-vrc-expl=\"M\"><img decoding=\"async\" src=\"https:\/\/vacanza-car-rentals.gr\/wp-content\/plugins\/vikrentcar\/admin\/resources\/gear.png\" alt=\"scatola del cambio: Manuale\" \/><\/span><\/span>\n<\/div><div class=\"vrccarcarat\"><span class=\"vrc-carat-cont\"><span class=\"vrc-expl\" data-vrc-expl=\"AC\"><img decoding=\"async\" src=\"https:\/\/vacanza-car-rentals.gr\/wp-content\/plugins\/vikrentcar\/admin\/resources\/ac.png\" alt=\"Aria condizionata\" \/><\/span><\/span>\n<\/div><div class=\"vrccarcarat\"><span class=\"vrc-carat-cont\"><span class=\"vrc-expl\" data-vrc-expl=\"ABS\"><img decoding=\"async\" src=\"https:\/\/vacanza-car-rentals.gr\/wp-content\/plugins\/vikrentcar\/admin\/resources\/abs.png\" alt=\"ABS\" \/><\/span><\/span>\n<\/div><div class=\"vrccarcarat\"><span class=\"vrc-carat-cont\"><span class=\"vrc-expl\" data-vrc-expl=\"Airbag\"><img decoding=\"async\" src=\"https:\/\/vacanza-car-rentals.gr\/wp-content\/plugins\/vikrentcar\/admin\/resources\/airbag.png\" alt=\"Airbag\" \/><\/span><\/span>\n<\/div><\/div>\n<\/div>\n\t\t\t\t\t\t<\/div>\n\t\t\t\t\t<\/div>\t\n\t\t\t\t<\/figure>\n\t\t\t<\/div>\n\t\t\t\t\t<\/div>\n\t<\/div>\n<\/div>\n\n\t<script type=\"text\/javascript\">\n\tjQuery(document).ready(function(){ \n\t\tjQuery(\"#vrc-modcars-538\").owlCarousel({\n\t\t\titems : 4,\n\t\t\tautoplay : false,\n\t\t\tnav : true,\n\t\t\tdots : false,\n\t\t\tlazyLoad : true,\n\t\t\tresponsiveClass: true,\n\t\t\tresponsive: {\n\t\t\t0: {\n\t\t\t\titems: 1,\n\t\t\t\tnav: true\n\t\t\t},\n\t\t\t\t\t\t\t600: {\n\t\t\t\t\titems:2,\n\t\t\t\t\tnav: true\n\t\t\t\t},\n\t\t\t\t\t\t\t\t\t\t820: {\n\t\t\t\t\titems: 3,\n\t\t\t\t\tnav: true\n\t\t\t\t},\n\t\t\t\t\t\t1024: {\n\t\t\t\titems: 4,\n\t\t\t\tnav: true\n\t\t\t}\n\t\t}\n\t\t});\n\t\t\t});\n\t<\/script>\n<\/div><div class=\"fusion-additional-widget-content\"><\/div><\/div><\/div><\/div><\/div><\/div><div class=\"fusion-fullwidth fullwidth-box fusion-builder-row-8 fusion-flex-container has-pattern-background has-mask-background hometitle nonhundred-percent-fullwidth non-hundred-percent-height-scrolling\" style=\"--awb-border-radius-top-left:0px;--awb-border-radius-top-right:0px;--awb-border-radius-bottom-right:0px;--awb-border-radius-bottom-left:0px;\" ><div class=\"fusion-builder-row fusion-row fusion-flex-align-items-flex-start\" style=\"max-width:104%;margin-left: calc(-4% \/ 2 );margin-right: calc(-4% \/ 2 );\"><div class=\"fusion-layout-column fusion_builder_column fusion-builder-column-8 fusion_builder_column_1_1 1_1 fusion-flex-column\" style=\"--awb-bg-size:cover;--awb-width-large:100%;--awb-margin-top-large:0px;--awb-spacing-right-large:1.92%;--awb-margin-bottom-large:20px;--awb-spacing-left-large:1.92%;--awb-width-medium:100%;--awb-order-medium:0;--awb-spacing-right-medium:1.92%;--awb-spacing-left-medium:1.92%;--awb-width-small:100%;--awb-order-small:0;--awb-spacing-right-small:1.92%;--awb-spacing-left-small:1.92%;\"><div class=\"fusion-column-wrapper fusion-column-has-shadow fusion-flex-justify-content-flex-start fusion-content-layout-column\"><div class=\"fusion-title title fusion-title-4 fusion-sep-none fusion-title-text fusion-title-size-two\"><h2 class=\"title-heading-left\" style=\"margin:0;\">DESTINAZIONI<\/h2><\/div><div ><a class=\"fusion-button button-flat fusion-button-default-size button-default fusion-button-default button-3 fusion-button-default-span fusion-button-default-type\" target=\"_self\" href=\"\/it\/destinazioni\/\"><span class=\"fusion-button-text\">leggi di pi\u00f9<\/span><\/a><\/div><\/div><\/div><\/div><\/div><div class=\"fusion-fullwidth fullwidth-box fusion-builder-row-9 fusion-flex-container has-pattern-background has-mask-background nonhundred-percent-fullwidth non-hundred-percent-height-scrolling\" style=\"--awb-border-radius-top-left:0px;--awb-border-radius-top-right:0px;--awb-border-radius-bottom-right:0px;--awb-border-radius-bottom-left:0px;\" ><div class=\"fusion-builder-row fusion-row fusion-flex-align-items-flex-start\" style=\"max-width:104%;margin-left: calc(-4% \/ 2 );margin-right: calc(-4% \/ 2 );\"><div class=\"fusion-layout-column fusion_builder_column fusion-builder-column-9 fusion_builder_column_1_1 1_1 fusion-flex-column\" style=\"--awb-bg-size:cover;--awb-width-large:100%;--awb-margin-top-large:0px;--awb-spacing-right-large:1.92%;--awb-margin-bottom-large:20px;--awb-spacing-left-large:1.92%;--awb-width-medium:100%;--awb-order-medium:0;--awb-spacing-right-medium:1.92%;--awb-spacing-left-medium:1.92%;--awb-width-small:100%;--awb-order-small:0;--awb-spacing-right-small:1.92%;--awb-spacing-left-small:1.92%;\"><div class=\"fusion-column-wrapper fusion-column-has-shadow fusion-flex-justify-content-flex-start fusion-content-layout-column\"><style id=\"sp_wpcp_dynamic_css686\">.wpcp-wrapper-686 .wpcp-carousel-section.nav-vertical-center-inner-hover .wpcp-swiper-dots ~ .wpcp-next-button,.wpcp-wrapper-686 .wpcp-carousel-section.nav-vertical-center-inner-hover .wpcp-swiper-dots ~ .wpcp-prev-button,.wpcp-wrapper-686 .wpcp-carousel-section.nav-vertical-center-inner .wpcp-swiper-dots ~ .wpcp-next-button,.wpcp-wrapper-686 .wpcp-carousel-section.nav-vertical-center-inner .wpcp-swiper-dots ~ .wpcp-prev-button,.wpcp-wrapper-686 .wpcp-carousel-section.nav-vertical-center .wpcp-swiper-dots ~ .wpcp-next-button,.wpcp-wrapper-686 .wpcp-carousel-section.nav-vertical-center .wpcp-swiper-dots ~ .wpcp-prev-button {margin-top: -40px;}#wpcpro-wrapper-686 #sp-wp-carousel-pro-id-686.sp-wpcp-686 .wpcp-all-captions .wpcp-post-meta .post-categories a {color: #22afba;font-size: 14px;line-height: 18px;letter-spacing: 0px;text-transform: none;}#wpcpro-wrapper-686 #sp-wp-carousel-pro-id-686.sp-wpcp-686 .wpcp-all-captions .wpcp-post-title a {display: block; color: #444;font-size: 18px;line-height: 26px;letter-spacing: 0px;text-transform: capitalize;}#wpcpro-wrapper-686 #sp-wp-carousel-pro-id-686.sp-wpcp-686 .wpcp-all-captions .wpcp-post-title a:hover{color: #1f5c5d;}#wpcpro-wrapper-686 #sp-wp-carousel-pro-id-686.sp-wpcp-686 .wpcp-all-captions .wpcp-post-title {text-align: center;}#wpcpro-wrapper-686 #sp-wp-carousel-pro-id-686.sp-wpcp-686 .wpcp-all-captions .wpcp-post-content {color: #444;font-size: 14px;line-height: 24px;letter-spacing: 0px;text-transform: none;}#wpcpro-wrapper-686 #sp-wp-carousel-pro-id-686.sp-wpcp-686 .wpcp-all-captions .wpcp-post-content {text-align: center;}#wpcpro-wrapper-686 #sp-wp-carousel-pro-id-686.sp-wpcp-686 .wpcp-all-captions .wpcp-post-meta li,#wpcpro-wrapper-686 #sp-wp-carousel-pro-id-686.sp-wpcp-686 .wpcp-all-captions .wpcp-post-meta a {color: #999;font-size: 14px;line-height: 18px;letter-spacing: 0px;text-transform: none;}#wpcpro-wrapper-686 #sp-wp-carousel-pro-id-686.sp-wpcp-686 .wpcp-all-captions .wpcp-post-meta {text-align: center;line-height: 18px;}#wpcpro-wrapper-686 #sp-wp-carousel-pro-id-686.sp-wpcp-686 .wpcp-all-captions .sp-wpcp-read-more a {font-size: 14px;line-height: 24px;letter-spacing: 0px;text-transform: none;}#wpcpro-wrapper-686 #sp-wp-carousel-pro-id-686.sp-wpcp-686 .wpcp-all-captions .sp-wpcp-read-more {text-align: center;margin-top:10px;}#wpcpro-wrapper-686 #sp-wp-carousel-pro-id-686.sp-wpcp-686 .wpcp-all-captions .sp-wpcp-read-more a {color: #fff;background: #257F87;border: 0px solid #257F87;border-radius: 0px;}#wpcpro-wrapper-686 #sp-wp-carousel-pro-id-686.sp-wpcp-686 .wpcp-all-captions .sp-wpcp-read-more a:hover {color: #fff;background: #1f5c5d;border-color: #1f5c5d;}#wpcpro-wrapper-686 .wpcpro-post-load-more button,#wpcpro-wrapper-686 .wpcpro-post-pagination .page-numbers, #wpcpro-wrapper-686 .wpcpro-load-more button{ color: #5e5e5e; border-color: #dddddd; background: #ffffff;}#wpcpro-wrapper-686 .wpcpro-load-more button:hover,#wpcpro-wrapper-686 .wpcpro-post-load-more button:hover{ color: #ffffff; border-color: #178087; background: #178087;}#wpcpro-wrapper-686 .wpcpro-load-more,#wpcpro-wrapper-686 .wpcpro-infinite-scroll-loader,#wpcpro-wrapper-686 .wpcpro-post-load-more, #wpcpro-wrapper-686 .wpcpro-post-pagination { text-align: center;}#wpcpro-wrapper-686 .wpcpro-post-pagination .page-numbers:hover,#wpcpro-wrapper-686 .wpcpro-post-pagination .page-numbers.current,#wpcpro-wrapper-686 .wpcpro-post-pagination .page-numbers.current{ color: #ffffff; border-color: #178087; background: #178087;}#wpcpro-wrapper-686 #sp-wp-carousel-pro-id-686.wpcp-carousel-section.sp-wpcp-686 .wpcpro-row [class*=\"wpcpro-col-\"] {padding-right: 0px;padding-left: 0px;padding-bottom: 0px;}#wpcpro-wrapper-686 #sp-wp-carousel-pro-id-686.wpcp-carousel-section.swiper-grid-column .swiper-slide {padding-bottom: 0px;}#wpcpro-wrapper-686:not(.wpcp-justified) #sp-wp-carousel-pro-id-686.wpcp-carousel-section.sp-wpcp-686 .wpcpro-row {margin-right: -0px;margin-left: -0px;}#wpcpro-wrapper-686 #sp-wp-carousel-pro-id-686.wpcp-carousel-section.sp-wpcp-686 .wpcpro-gallery-thumbs .swiper-slide{margin-top: 0px;}#wpcpro-wrapper-686 #sp-wp-carousel-pro-id-686.wpcp-carousel-section.sp-wpcp-686 .wpcpro-gallery-thumbs img{height: 140px;object-fit: cover;}#wpcpro-wrapper-686 #sp-wp-carousel-pro-id-686.wpcp-carousel-section.sp-wpcp-686.wpcp-advance-effect .swiper-slide .single-item-fade:not(:last-child) {margin-right: 0px;}#wpcpro-wrapper-686 .wpcp-kenburn .wpcpro-gallery-slider .swiper-slide .wpcp-single-item img,#wpcpro-wrapper-686 .wpcp-kenburn .swiper-slide .swiper-slide-kenburn {transition: transform 3000ms linear;}#wpcpro-wrapper-686 #sp-wp-carousel-pro-id-686.wpcp-carousel-section.sp-wpcp-686 .wpcp-prev-button,#wpcpro-wrapper-686 #sp-wp-carousel-pro-id-686.wpcp-carousel-section.sp-wpcp-686 .wpcp-next-button {color: #959595;background-color: #959595;border: 0px solid;border-color: #aaa;border-radius: 0%;font-size: 20px;height: 30px;width: 30px;}#wpcpro-wrapper-686 #sp-wp-carousel-pro-id-686.wpcp-carousel-section.sp-wpcp-686 .wpcp-prev-button:hover,#wpcpro-wrapper-686 #sp-wp-carousel-pro-id-686.wpcp-carousel-section.sp-wpcp-686 .wpcp-next-button:hover {color: #000000;background-color: #000000;border-color: #178087;font-size: 20px;}#wpcpro-wrapper-686 #sp-wp-carousel-pro-id-686.wpcp-carousel-section.sp-wpcp-686 .wpcp-swiper-dots,#wpcpro-wrapper-686 #sp-wp-carousel-pro-id-686.wpcp-carousel-section.sp-wpcp-686.swiper-horizontal>.wpcp-pagination-scrollbar {margin: 22px 0px 0px 0px;bottom: unset;}#wpcpro-wrapper-686 #sp-wp-carousel-pro-id-686.wpcp-carousel-section.sp-wpcp-686 .wpcp-swiper-dots .swiper-pagination-bullet,#wpcpro-wrapper-686 #sp-wp-carousel-pro-id-686.wpcp-carousel-section.sp-wpcp-686 .wpcp-pagination-scrollbar {background-color: #cccccc;opacity: 1;}#wpcpro-wrapper-686 #sp-wp-carousel-pro-id-686.wpcp-carousel-section.sp-wpcp-686 .wpcp-swiper-dots .swiper-pagination-bullet.swiper-pagination-bullet-active,#wpcpro-wrapper-686 #sp-wp-carousel-pro-id-686.wpcp-carousel-section.sp-wpcp-686 .wpcp-pagination-scrollbar .swiper-scrollbar-drag {background-color: #178087;}#wpcpro-wrapper-686 #sp-wp-carousel-pro-id-686.wpcp-carousel-section.sp-wpcp-686 .wpcp-single-item {border: 0px solid #dddddd;padding: 0px 0px 0px 0px;border-radius: 0px;}.wpcp-carousel-wrapper.wpcp-wrapper-686{position: relative;}#wpcp-preloader-686{background: #fff;position: absolute;left: 0;top: 0;height: 100%;width: 100%;text-align: center;display: flex;align-items: center;justify-content: center;z-index: 999;}@media screen and (min-width: 1025px) {#wpcpro-wrapper-686:not(.wpcp-justified) #sp-wp-carousel-pro-id-686.wpcp-carousel-section.sp-wpcp-686:not(.wpcp-content-carousel) > div:not(.wpcpro-gallery-thumbs) .wpcp-single-item img { max-height:600px; }}@media screen and (min-width: 737px) and (max-width: 1024px) {#wpcpro-wrapper-686:not(.wpcp-justified) #sp-wp-carousel-pro-id-686.wpcp-carousel-section.sp-wpcp-686:not(.wpcp-content-carousel) > div:not(.wpcpro-gallery-thumbs) .wpcp-single-item img { max-height:500px; }}@media screen and (min-width: 481px) and (max-width: 736px) {#wpcpro-wrapper-686:not(.wpcp-justified) #sp-wp-carousel-pro-id-686.wpcp-carousel-section.sp-wpcp-686:not(.wpcp-content-carousel)> div:not(.wpcpro-gallery-thumbs) .wpcp-single-item img { max-height:400px; }}@media screen and (max-width: 480px) {#wpcpro-wrapper-686:not(.wpcp-justified) #sp-wp-carousel-pro-id-686.wpcp-carousel-section.sp-wpcp-686:not(.wpcp-content-carousel) > div:not(.wpcpro-gallery-thumbs) .wpcp-single-item img { max-height:300px; }}#wpcpro-wrapper-686 #sp-wp-carousel-pro-id-686.sp-wpcp-686 .wpcp-slide-image img,#wpcpro-wrapper-686 #sp-wp-carousel-pro-id-686.sp-wpcp-686 .wpcp-single-item.wpcp-mix-content img,#wpcpro-wrapper-686 #sp-wp-carousel-pro-id-686.sp-wpcp-686 .wpcp-slide-image .wpcp_icon_overlay,#wpcpro-wrapper-686 #sp-wp-carousel-pro-id-686.sp-wpcp-686 .wpcp-product-carousel .wpcp-slide-image a {border-radius: 0px;overflow: hidden;}#wpcpro-wrapper-686 #sp-wp-carousel-pro-id-686.sp-wpcp-686:not(.wpcp-content-carousel) .wpcp-single-item {background: transparent;}#wpcpro-wrapper-686 #sp-wp-carousel-pro-id-686.sp-wpcp-686.wpcp-image-carousel .wpcp-slide-image a img,#wpcpro-wrapper-686 #sp-wp-carousel-pro-id-686.sp-wpcp-686.wpcp-product-carousel .wpcp-slide-image a img,#wpcpro-wrapper-686 #sp-wp-carousel-pro-id-686.sp-wpcp-686.wpcp-post-carousel .wpcp-slide-image a img{border: 0px solid #dddddd;}#wpcpro-wrapper-686 #sp-wp-carousel-pro-id-686.sp-wpcp-686.wpcp-image-carousel .wpcp-slide-image a:hover img,#wpcpro-wrapper-686 #sp-wp-carousel-pro-id-686.sp-wpcp-686.wpcp-post-carousel .wpcp-slide-image a:hover img,#wpcpro-wrapper-686 #sp-wp-carousel-pro-id-686.sp-wpcp-686.wpcp-product-carousel .wpcp-slide-image a:hover img{border-color: #dddddd;} .sp-wp-carousel-pro-id-686.wpcp-fancybox-wrapper .fancybox-navigation .fancybox-button .wpcp-fancybox-nav-arrow i {color: #ccc;}.sp-wp-carousel-pro-id-686.wpcp-fancybox-wrapper .fancybox-navigation .fancybox-button .wpcp-fancybox-nav-arrow i:hover {color: #fff;}.sp-wp-carousel-pro-id-686.wpcp-fancybox-wrapper .fancybox-navigation .fancybox-button {background: #1e1e1e;}.sp-wp-carousel-pro-id-686.wpcp-fancybox-wrapper .fancybox-navigation .fancybox-button:hover {background: #1e1e1e;}.sp-wp-carousel-pro-id-686.wpcp-fancybox-wrapper .fancybox-caption .wpcp_image_details{color: #ffffff;}#wpcpro-wrapper-686 #sp-wp-carousel-pro-id-686.wpcp-carousel-section .wpcp-mix-content .wpcp_icon_overlay i,#wpcpro-wrapper-686 #sp-wp-carousel-pro-id-686.wpcp-carousel-section.wpcp-image-carousel .wpcp-slide-image .wpcp_icon_overlay i {font-size: 16px;color: #fff;background: rgba(0, 0, 0, 0.5);padding : 10px;border-radius: 50%;height: 32px;width: 32px;}#wpcpro-wrapper-686 #sp-wp-carousel-pro-id-686.wpcp-carousel-section .wpcp-mix-content .wpcp_icon_overlay,#wpcpro-wrapper-686 #sp-wp-carousel-pro-id-686.wpcp-carousel-section.wpcp-image-carousel .wpcp-slide-image .wpcp_icon_overlay {background-color: rgba(0,0,0,0.5);}#wpcpro-wrapper-686 #sp-wp-carousel-pro-id-686.wpcp-carousel-section .wpcp-mix-content .wpcp_icon_overlay i:hover,#wpcpro-wrapper-686 #sp-wp-carousel-pro-id-686.wpcp-carousel-section.wpcp-image-carousel .wpcp-slide-image .wpcp_icon_overlay i:hover {color: #fff;background: rgba(0, 0, 0, 0.8);}.wpcpro-wrapper .wpcp-carousel-section.detail-on-right .wpcp-single-item,.wpcpro-wrapper .wpcp-carousel-section.detail-on-left .wpcp-single-item {flex-direction: column;}@media (min-width: 480px) {.wpcpro-row .wpcpro-col-sm-1 {flex: 0 0 100%;max-width: 100%;}.wpcpro-row .wpcpro-col-sm-2 {flex: 0 0 50%;max-width: 50%;}.wpcpro-row .wpcpro-col-sm-2-5 {flex: 0 0 75%;max-width: 75%;}.wpcpro-row .wpcpro-col-sm-3 {flex: 0 0 33.333%;max-width: 33.333%;}.wpcpro-row .wpcpro-col-sm-4 {flex: 0 0 25%;max-width: 25%;}.wpcpro-row .wpcpro-col-sm-5 {flex: 0 0 20%;max-width: 20%;}.wpcpro-row .wpcpro-col-sm-6 {flex: 0 0 16.66666666666667%;max-width: 16.66666666666667%;}.wpcpro-row .wpcpro-col-sm-7 {flex: 0 0 14.28571428%;max-width: 14.28571428%;}.wpcpro-row .wpcpro-col-sm-8 {flex: 0 0 12.5%;max-width: 12.5%;}.wpcpro-wrapper .wpcp-carousel-section.detail-on-right .wpcp-single-item {flex-direction: row;}.wpcpro-wrapper .wpcp-carousel-section.detail-on-left .wpcp-single-item {flex-direction: row-reverse;}}@media (max-width: 480px) {.wpcpro-row .wpcpro-col-xs-1 {flex: 0 0 100%;max-width: 100%;}.wpcpro-row .wpcpro-col-xs-2 {flex: 0 0 50%;max-width: 50%;}.wpcpro-row .wpcpro-col-xs-3 {flex: 0 0 33.222%;max-width: 33.222%;}.wpcpro-row .wpcpro-col-xs-4 {flex: 0 0 25%;max-width: 25%;}.wpcpro-row .wpcpro-col-xs-5 {flex: 0 0 20%;max-width: 20%;}.wpcpro-row .wpcpro-col-xs-6 {flex: 0 0 16.6667%;max-width: 16.6667%;}.wpcpro-row .wpcpro-col-xs-7 {flex: 0 0 14.28571428%;max-width: 14.28571428%;}.wpcpro-row .wpcpro-col-xs-8 {flex: 0 0 12.5%;max-width: 12.5%;}}@media (min-width: 736px) {.wpcpro-row .wpcpro-col-md-1 {flex: 0 0 100%;max-width: 100%;}.wpcpro-row .wpcpro-col-md-2 {flex: 0 0 50%;max-width: 50%;}.wpcpro-row .wpcpro-col-md-2-5 {flex: 0 0 75%;max-width: 75%;}.wpcpro-row .wpcpro-col-md-3 {flex: 0 0 33.333%;max-width: 33.333%;}.wpcpro-row .wpcpro-col-md-4 {flex: 0 0 25%;max-width: 25%;}.wpcpro-row .wpcpro-col-md-5 {flex: 0 0 20%;max-width: 20%;}.wpcpro-row .wpcpro-col-md-6 {flex: 0 0 16.66666666666667%;max-width: 16.66666666666667%;}.wpcpro-row .wpcpro-col-md-7 {flex: 0 0 14.28571428%;max-width: 14.28571428%;}.wpcpro-row .wpcpro-col-md-8 {flex: 0 0 12.5%;max-width: 12.5%;}}@media (min-width: 1024px) {.wpcpro-row .wpcpro-col-lg-1 {flex: 0 0 100%;max-width: 100%;}.wpcpro-row .wpcpro-col-lg-2 {flex: 0 0 50%;max-width: 50%;}.wpcpro-row .wpcpro-col-lg-3 {flex: 0 0 33.222%;max-width: 33.222%;}.wpcpro-row .wpcpro-col-lg-4 {flex: 0 0 25%;max-width: 25%;}.wpcpro-row .wpcpro-col-lg-5 {flex: 0 0 20%;max-width: 20%;}.wpcpro-row .wpcpro-col-lg-6 {flex: 0 0 16.6667%;max-width: 16.6667%;}.wpcpro-row .wpcpro-col-lg-7 {flex: 0 0 14.28571428%;max-width: 14.28571428%;}.wpcpro-row .wpcpro-col-lg-8 {flex: 0 0 12.5%;max-width: 12.5%;}}@media (min-width: 1200px) {.wpcpro-row .wpcpro-col-xl-1 {flex: 0 0 100%;max-width: 100%;}.wpcpro-row .wpcpro-col-xl-2 {flex: 0 0 50%;max-width: 50%;}.wpcpro-row .wpcpro-col-xl-3 {flex: 0 0 33.22222222%;max-width: 33.22222222%;}.wpcpro-row .wpcpro-col-xl-4 {flex: 0 0 25%;max-width: 25%;}.wpcpro-row .wpcpro-col-xl-5 {flex: 0 0 20%;max-width: 20%;}.wpcpro-row .wpcpro-col-xl-6 {flex: 0 0 16.66667%;max-width: 16.66667%;}.wpcpro-row .wpcpro-col-xl-7 {flex: 0 0 14.28571428%;max-width: 14.28571428%;}.wpcpro-row .wpcpro-col-xl-8 {flex: 0 0 12.5%;max-width: 12.5%;}}<\/style><div id=\"wpcpro-wrapper-686\" class=\"wpcp-carousel-wrapper wpcpro-wrapper wpcp-wrapper-686\"><div id=\"wpcp-preloader-686\" class=\"wpcp-carousel-preloader\"><img decoding=\"async\" src=\"https:\/\/vacanza-car-rentals.gr\/wp-content\/plugins\/wp-carousel-pro\/src\/Frontend\/css\/spinner.svg\" class=\"skip-lazy\" alt=\"Preloader image\"\/><\/div><div id=\"sp-wp-carousel-pro-id-686\" dir=\"ltr\" class=\" wpcp-standard wpcp-center nav-vertical-center wpcp-carousel-section sp-wpcp-686 wpcp-post-carousel wpcp_same_height wpcp-preloader\" data-swiper='{\"vertical\":false,\"orientation\":\"horizontal\", \"accessibility\":true, \"centerMode\":true, \"centerPadding\":{\"lg_desktop\":\"1\", \"desktop\":\"1\", \"laptop\":\"1\", \"tablet\":\"1\", \"mobile\":\"1\"}, \"swipeToSlide\":false, \"adaptiveHeight\":false, \"arrows\":true, \"autoplay\":false, \"autoplaySpeed\":3000, \"spaceBetween\":0, \"dots\":false, \"infinite\":true, \"speed\":600, \"pauseOnHover\":true, \"slidesToScroll\":{\"lg_desktop\":1, \"desktop\":1, \"laptop\":1, \"tablet\":1, \"mobile\":1},\"slidesToShow\":{\"lg_desktop\":2, \"desktop\":2, \"laptop\":1, \"tablet\":1, \"mobile\":1},\"rows\":{\"lg_desktop\":1, \"desktop\":1, \"laptop\":1, \"tablet\":1, \"mobile\":1}, \"responsive\":{\"desktop\":1200, \"laptop\": 1024, \"tablet\": 736, \"mobile\": 480}, \"rtl\":false, \"variableWidth\":false, \"effect\":\"slide\", \"lazyLoad\": \"false\", \"swipe\": true, \"draggable\": true, \"freeMode\":false }' data-arrowtype=\"angle\" dir=\"ltr\" dir=\"ltr\" data-carousel_type=\"post-carousel\" data-infobar=\"1\" data-thumbs=\"true\" data-protect_image=\"\" data-autoplay=\"\" data-loop=\"1\" data-speed=\"4000\" data-sliding_effect=\"fade\" data-open_close=\"zoom\" data-outside=\"true\" data-keyboard=\"1\" data-l_box_img_sharpe=\"\" data-variableWidth=\"false\"><div class=\"swiper-wrapper\"><div class=\" swiper-slide\"><div class=\"wpcp-single-item\"><div class=\"wpcp-slide-image\"><a href=\"https:\/\/vacanza-car-rentals.gr\/it\/destinazioni\/falasarna\/\" target=\"_self\"><img decoding=\"async\" srcset=\"https:\/\/vacanza-car-rentals.gr\/wp-content\/uploads\/2023\/01\/falasarna_sea_lily.jpg\" src=\"https:\/\/vacanza-car-rentals.gr\/wp-content\/uploads\/2023\/01\/falasarna_sea_lily.jpg\" alt=\"\" width=\"1500\" height=\"1000\" class=\"skip-lazy\"><\/a><\/div><div class=\"wpcp-all-captions \"><h2 class=\"wpcp-post-title\"><a href=\"https:\/\/vacanza-car-rentals.gr\/it\/destinazioni\/falasarna\/\" target=\"_self\">FALASARNA<\/a><\/h2><div class=\"wpcp-post-content\">L&#8217;incantevole spiaggia di Falasarna si trova a 60 km a ovest di Chania ed \u00e8 una delle spiagge pi\u00f9 famose della Grecia, premiata in passato come la migliore spiaggia di Creta e una delle 10 migliori spiagge d&#8217;Europa. La sabbia di Falasarna \u00e8 bianca, conferendo all&#8217;acqua un colore tropicale. Situata...<\/div><div class=\"sp-wpcp-read-more\"><a class=\"wpcp_readmore\" href=\"https:\/\/vacanza-car-rentals.gr\/it\/destinazioni\/falasarna\/\">leggi di pi\u00f9 <\/a><\/div><\/div><\/div><\/div><div class=\" swiper-slide\"><div class=\"wpcp-single-item\"><div class=\"wpcp-slide-image\"><a href=\"https:\/\/vacanza-car-rentals.gr\/it\/destinazioni\/elafonisi\/\" target=\"_self\"><img decoding=\"async\" srcset=\"https:\/\/vacanza-car-rentals.gr\/wp-content\/uploads\/2023\/01\/chania-airport-transfer-taxi-georgioupolis-en-tours-elafonisi-beach-5.jpg\" src=\"https:\/\/vacanza-car-rentals.gr\/wp-content\/uploads\/2023\/01\/chania-airport-transfer-taxi-georgioupolis-en-tours-elafonisi-beach-5.jpg\" alt=\"\" width=\"1560\" height=\"861\" class=\"skip-lazy\"><\/a><\/div><div class=\"wpcp-all-captions \"><h2 class=\"wpcp-post-title\"><a href=\"https:\/\/vacanza-car-rentals.gr\/it\/destinazioni\/elafonisi\/\" target=\"_self\">ELAFONISI<\/a><\/h2><div class=\"wpcp-post-content\">Elafonissi si trova 76 km a sud-ovest di Chania e 5 km a sud del monastero di Chrysoskalitisa, all&#8217;estremit\u00e0 sud-occidentale di Creta. Le acque cristalline del mare in questo luogo esotico hanno bellissimi colori in tutte le sfumature di blu e azzurro. In molti punti dove l&#8217;onda si infrange, la...<\/div><div class=\"sp-wpcp-read-more\"><a class=\"wpcp_readmore\" href=\"https:\/\/vacanza-car-rentals.gr\/it\/destinazioni\/elafonisi\/\">leggi di pi\u00f9 <\/a><\/div><\/div><\/div><\/div><div class=\" swiper-slide\"><div class=\"wpcp-single-item\"><div class=\"wpcp-slide-image\"><a href=\"https:\/\/vacanza-car-rentals.gr\/it\/destinazioni\/porto-di-seitan\/\" target=\"_self\"><img decoding=\"async\" srcset=\"https:\/\/vacanza-car-rentals.gr\/wp-content\/uploads\/2023\/01\/chania-.jpg\" src=\"https:\/\/vacanza-car-rentals.gr\/wp-content\/uploads\/2023\/01\/chania-.jpg\" alt=\"chania\" width=\"1560\" height=\"861\" class=\"skip-lazy\"><\/a><\/div><div class=\"wpcp-all-captions \"><h2 class=\"wpcp-post-title\"><a href=\"https:\/\/vacanza-car-rentals.gr\/it\/destinazioni\/porto-di-seitan\/\" target=\"_self\">PORTO DI SEITAN<\/a><\/h2><div class=\"wpcp-post-content\">I porti di Seitan si trovano sul lato nord-orientale della penisola di Akrotiri, nella parte occidentale di Creta, a 20 chilometri dalla citt\u00e0 di Chania. La spiaggia ha ghiaia e sabbia e per la sua posizione impervia, negli ultimi anni \u00e8 diventata una meta rinomata e frequentata. &nbsp; Tuttavia, come...<\/div><div class=\"sp-wpcp-read-more\"><a class=\"wpcp_readmore\" href=\"https:\/\/vacanza-car-rentals.gr\/it\/destinazioni\/porto-di-seitan\/\">leggi di pi\u00f9 <\/a><\/div><\/div><\/div><\/div><div class=\" swiper-slide\"><div class=\"wpcp-single-item\"><div class=\"wpcp-slide-image\"><a href=\"https:\/\/vacanza-car-rentals.gr\/it\/destinazioni\/paleohora\/\" target=\"_self\"><img decoding=\"async\" srcset=\"https:\/\/vacanza-car-rentals.gr\/wp-content\/uploads\/2023\/01\/chania-architecture-1920.jpg\" src=\"https:\/\/vacanza-car-rentals.gr\/wp-content\/uploads\/2023\/01\/chania-architecture-1920.jpg\" alt=\"\" width=\"1920\" height=\"1181\" class=\"skip-lazy\"><\/a><\/div><div class=\"wpcp-all-captions \"><h2 class=\"wpcp-post-title\"><a href=\"https:\/\/vacanza-car-rentals.gr\/it\/destinazioni\/paleohora\/\" target=\"_self\">PALEOHORA<\/a><\/h2><div class=\"wpcp-post-content\">Paleochora \u00e8 una piccola localit\u00e0 balneare sulla costa sud-occidentale di Creta affacciata sul Mar Libico. Si trova a 70 chilometri a sud di Chania e dista circa un&#8217;ora di auto da CHANIA. \u00c8 una rilassante meta per le vacanze estive ed \u00e8 nota per le sue affascinanti spiagge, con acque...<\/div><div class=\"sp-wpcp-read-more\"><a class=\"wpcp_readmore\" href=\"https:\/\/vacanza-car-rentals.gr\/it\/destinazioni\/paleohora\/\">leggi di pi\u00f9 <\/a><\/div><\/div><\/div><\/div><div class=\" swiper-slide\"><div class=\"wpcp-single-item\"><div class=\"wpcp-slide-image\"><a href=\"https:\/\/vacanza-car-rentals.gr\/it\/destinazioni\/balo\/\" target=\"_self\"><img decoding=\"async\" srcset=\"https:\/\/vacanza-car-rentals.gr\/wp-content\/uploads\/2023\/01\/balos-scaled-1.jpg\" src=\"https:\/\/vacanza-car-rentals.gr\/wp-content\/uploads\/2023\/01\/balos-scaled-1.jpg\" alt=\"\" width=\"1920\" height=\"1280\" class=\"skip-lazy\"><\/a><\/div><div class=\"wpcp-all-captions \"><h2 class=\"wpcp-post-title\"><a href=\"https:\/\/vacanza-car-rentals.gr\/it\/destinazioni\/balo\/\" target=\"_self\">BALO<\/a><\/h2><div class=\"wpcp-post-content\">Balos \u00e8 famosa per le sue acque turchesi, la selvaggia bellezza naturale e il meraviglioso paesaggio esotico. La laguna di Balos ha sabbia bianca e acque esotiche bianche, blu-verdi intense e turchesi. L&#8217;accesso all&#8217;eccellente spiaggia di Balos \u00e8 possibile solo in jeep o in barca.<\/div><div class=\"sp-wpcp-read-more\"><a class=\"wpcp_readmore\" href=\"https:\/\/vacanza-car-rentals.gr\/it\/destinazioni\/balo\/\">leggi di pi\u00f9 <\/a><\/div><\/div><\/div><\/div><div class=\" swiper-slide\"><div class=\"wpcp-single-item\"><div class=\"wpcp-slide-image\"><a href=\"https:\/\/vacanza-car-rentals.gr\/it\/destinazioni\/canyon-di-samaria\/\" target=\"_self\"><img decoding=\"async\" srcset=\"https:\/\/vacanza-car-rentals.gr\/wp-content\/uploads\/2023\/01\/Samaria_gorge.jpg\" src=\"https:\/\/vacanza-car-rentals.gr\/wp-content\/uploads\/2023\/01\/Samaria_gorge.jpg\" alt=\"\" width=\"1920\" height=\"1080\" class=\"skip-lazy\"><\/a><\/div><div class=\"wpcp-all-captions \"><h2 class=\"wpcp-post-title\"><a href=\"https:\/\/vacanza-car-rentals.gr\/it\/destinazioni\/canyon-di-samaria\/\" target=\"_self\">CANYON DI SAMARIA<\/a><\/h2><div class=\"wpcp-post-content\">La gola di Samaria \u00e8 la gola pi\u00f9 lunga d&#8217;Europa e anche la pi\u00f9 famosa. Migliaia di turisti la percorrono ogni giorno d&#8217;estate. Per molti, questo \u00e8 l&#8217;unico scopo della loro visita a Creta. La sua lunghezza raggiunge i 18 chilometri e la sua discesa dura circa 4-7 ore, da...<\/div><div class=\"sp-wpcp-read-more\"><a class=\"wpcp_readmore\" href=\"https:\/\/vacanza-car-rentals.gr\/it\/destinazioni\/canyon-di-samaria\/\">leggi di pi\u00f9 <\/a><\/div><\/div><\/div><\/div><div class=\" swiper-slide\"><div class=\"wpcp-single-item\"><div class=\"wpcp-slide-image\"><a href=\"https:\/\/vacanza-car-rentals.gr\/it\/destinazioni\/cnosso-eracleion\/\" target=\"_self\"><img decoding=\"async\" srcset=\"https:\/\/vacanza-car-rentals.gr\/wp-content\/uploads\/2023\/01\/shutterstockRF_762419695.jpg\" src=\"https:\/\/vacanza-car-rentals.gr\/wp-content\/uploads\/2023\/01\/shutterstockRF_762419695.jpg\" alt=\"\" width=\"1920\" height=\"1304\" class=\"skip-lazy\"><\/a><\/div><div class=\"wpcp-all-captions \"><h2 class=\"wpcp-post-title\"><a href=\"https:\/\/vacanza-car-rentals.gr\/it\/destinazioni\/cnosso-eracleion\/\" target=\"_self\">CNOSSO \u2013 ERACLEION<\/a><\/h2><div class=\"wpcp-post-content\">Il palazzo minoico \u00e8 il sito principale da visitare a Cnosso, una citt\u00e0 importante durante l&#8217;antichit\u00e0, con una vita continua dagli anni neolitici al V secolo. d.C. \u00c8 costruito sulla collina di Kefala, con facile accesso al mare ma anche all&#8217;interno di Creta. Secondo la tradizione fu la sede del...<\/div><div class=\"sp-wpcp-read-more\"><a class=\"wpcp_readmore\" href=\"https:\/\/vacanza-car-rentals.gr\/it\/destinazioni\/cnosso-eracleion\/\">leggi di pi\u00f9 <\/a><\/div><\/div><\/div><\/div><\/div><div class=\"wpcp-prev-button swiper-button-prev\"><i class=\"fa\"><\/i><\/div><div class=\"wpcp-next-button swiper-button-next\"><i class=\"fa\"><\/i><\/div><\/div><\/div><\/div><\/div><\/div><\/div><div class=\"fusion-fullwidth fullwidth-box fusion-builder-row-10 fusion-flex-container has-pattern-background has-mask-background hometitle nonhundred-percent-fullwidth non-hundred-percent-height-scrolling\" style=\"--awb-border-radius-top-left:0px;--awb-border-radius-top-right:0px;--awb-border-radius-bottom-right:0px;--awb-border-radius-bottom-left:0px;\" ><div class=\"fusion-builder-row fusion-row fusion-flex-align-items-flex-start\" style=\"max-width:104%;margin-left: calc(-4% \/ 2 );margin-right: calc(-4% \/ 2 );\"><div class=\"fusion-layout-column fusion_builder_column fusion-builder-column-10 fusion_builder_column_1_1 1_1 fusion-flex-column\" style=\"--awb-bg-size:cover;--awb-width-large:100%;--awb-margin-top-large:0px;--awb-spacing-right-large:1.92%;--awb-margin-bottom-large:20px;--awb-spacing-left-large:1.92%;--awb-width-medium:100%;--awb-order-medium:0;--awb-spacing-right-medium:1.92%;--awb-spacing-left-medium:1.92%;--awb-width-small:100%;--awb-order-small:0;--awb-spacing-right-small:1.92%;--awb-spacing-left-small:1.92%;\"><div class=\"fusion-column-wrapper fusion-column-has-shadow fusion-flex-justify-content-flex-start fusion-content-layout-column\"><div class=\"fusion-title title fusion-title-5 fusion-sep-none fusion-title-text fusion-title-size-two\"><h2 class=\"title-heading-left\" style=\"margin:0;\">NOTIZIA<\/h2><\/div><div ><a class=\"fusion-button button-flat fusion-button-default-size button-default fusion-button-default button-4 fusion-button-default-span fusion-button-default-type\" target=\"_self\" href=\"\/it\/notizia\/\"><span class=\"fusion-button-text\">leggi di pi\u00f9<\/span><\/a><\/div><\/div><\/div><\/div><\/div><div class=\"fusion-fullwidth fullwidth-box fusion-builder-row-11 fusion-flex-container has-pattern-background has-mask-background nonhundred-percent-fullwidth non-hundred-percent-height-scrolling\" style=\"--awb-border-radius-top-left:0px;--awb-border-radius-top-right:0px;--awb-border-radius-bottom-right:0px;--awb-border-radius-bottom-left:0px;\" ><div class=\"fusion-builder-row fusion-row fusion-flex-align-items-flex-start\" style=\"max-width:104%;margin-left: calc(-4% \/ 2 );margin-right: calc(-4% \/ 2 );\"><div class=\"fusion-layout-column fusion_builder_column fusion-builder-column-11 fusion_builder_column_1_1 1_1 fusion-flex-column\" style=\"--awb-bg-size:cover;--awb-width-large:100%;--awb-margin-top-large:0px;--awb-spacing-right-large:1.92%;--awb-margin-bottom-large:20px;--awb-spacing-left-large:1.92%;--awb-width-medium:100%;--awb-order-medium:0;--awb-spacing-right-medium:1.92%;--awb-spacing-left-medium:1.92%;--awb-width-small:100%;--awb-order-small:0;--awb-spacing-right-small:1.92%;--awb-spacing-left-small:1.92%;\"><div class=\"fusion-column-wrapper fusion-column-has-shadow fusion-flex-justify-content-flex-start fusion-content-layout-column\"><div class=\"fusion-recent-posts fusion-recent-posts-1 avada-container layout-default layout-columns-1\"><section class=\"fusion-columns columns fusion-columns-1 columns-1\"><article class=\"post fusion-column column col col-lg-12 col-md-12 col-sm-12\"><div class=\"fusion-flexslider fusion-flexslider-loading flexslider flexslider-hover-type-none\"><ul class=\"slides\"><li><a href=\"https:\/\/vacanza-car-rentals.gr\/it\/notizia\/5-consigli-per-scegliere-unauto-a-noleggio\/\" aria-label=\"5 consigli per scegliere un&#8217;auto a noleggio\" class=\"hover-type-none\"><img decoding=\"async\" width=\"700\" height=\"441\" src=\"https:\/\/vacanza-car-rentals.gr\/wp-content\/uploads\/2023\/06\/car-rental-700x441.jpg\" class=\"attachment-recent-posts size-recent-posts\" alt=\"\u03b5\u03bd\u03bf\u03b9\u03ba\u03af\u03b1\u03c3\u03b7 \u03b1\u03c5\u03c4\u03bf\u03ba\u03b9\u03bd\u03ae\u03c4\u03bf\u03c5 Vacanza\" srcset=\"https:\/\/vacanza-car-rentals.gr\/wp-content\/uploads\/2023\/06\/car-rental-320x202.jpg 320w, https:\/\/vacanza-car-rentals.gr\/wp-content\/uploads\/2023\/06\/car-rental-700x441.jpg 700w\" sizes=\"(max-width: 700px) 100vw, 700px\" \/><\/a><\/li><\/ul><\/div><div class=\"recent-posts-content\"><span class=\"vcard\" style=\"display: none;\"><span class=\"fn\"><a href=\"https:\/\/vacanza-car-rentals.gr\/it\/author\/nikos\/\" title=\"Articoli scritti da Nikos\" rel=\"author\">Nikos<\/a><\/span><\/span><span class=\"updated\" style=\"display:none;\">2023-06-08T17:01:48+03:00<\/span><h3 class=\"entry-title\"><a href=\"https:\/\/vacanza-car-rentals.gr\/it\/notizia\/5-consigli-per-scegliere-unauto-a-noleggio\/\">5 consigli per scegliere un&#8217;auto a noleggio<\/a><\/h3><p>State pianificando un viaggio e avete bisogno di un\u2019auto a noleggio? Per molti \u00e8 un processo piuttosto difficile. Dalle auto economiche ai veicoli di lusso, le societ\u00e0 di noleggio offrono un\u2019ampia gamma di opzioni e la scelta del veicolo giusto pu\u00f2 rendere pi\u00f9 o meno difficile la vostra esperienza di viaggio. Per aiutarvi a prendere una decisione informata, abbiamo raccolto cinque consigli chiave per scegliere un\u2019auto a noleggio che si \u2026 <\/p>\n<div><a href=\"https:\/\/vacanza-car-rentals.gr\/it\/notizia\/5-consigli-per-scegliere-unauto-a-noleggio\/\">\u03a0\u03b5\u03c1\u03b9\u03c3\u03c3\u03cc\u03c4\u03b5\u03c1\u03b1<\/a><\/div>\n<\/div><\/article><\/section><\/div><\/div><\/div><\/div><\/div><\/p>\n","protected":false},"excerpt":{"rendered":"","protected":false},"author":1,"featured_media":0,"parent":0,"menu_order":0,"comment_status":"closed","ping_status":"open","template":"","meta":{"footnotes":""},"class_list":["post-632","page","type-page","status-publish","hentry"],"yoast_head":"<!-- This site is optimized with the Yoast SEO plugin v20.8 - https:\/\/yoast.com\/wordpress\/plugins\/seo\/ -->\n<title>Autonoleggio La Canea | I migliori prezzi per il noleggio | Vacanza<\/title>\n<meta name=\"description\" content=\"Esplorate Creta con facilit\u00e0! Ottenete le migliori offerte di noleggio auto oggi. Esplorate con libert\u00e0 e flessibilit\u00e0. Prenotate ora!\" \/>\n<meta name=\"robots\" content=\"index, follow, max-snippet:-1, max-image-preview:large, max-video-preview:-1\" \/>\n<link rel=\"canonical\" href=\"https:\/\/vacanza-car-rentals.gr\/it\/\" \/>\n<meta property=\"og:locale\" content=\"it_IT\" \/>\n<meta property=\"og:type\" content=\"article\" \/>\n<meta property=\"og:title\" content=\"Autonoleggio La Canea | I migliori prezzi per il noleggio | Vacanza\" \/>\n<meta property=\"og:description\" content=\"Esplorate Creta con facilit\u00e0! Ottenete le migliori offerte di noleggio auto oggi. Esplorate con libert\u00e0 e flessibilit\u00e0. Prenotate ora!\" \/>\n<meta property=\"og:url\" content=\"https:\/\/vacanza-car-rentals.gr\/it\/\" \/>\n<meta property=\"og:site_name\" content=\"Vacanza\" \/>\n<meta property=\"article:publisher\" content=\"https:\/\/www.facebook.com\/profile.php?id=100065274109423\" \/>\n<meta property=\"article:modified_time\" content=\"2023-06-26T09:06:36+00:00\" \/>\n<meta name=\"twitter:card\" content=\"summary_large_image\" \/>\n<meta name=\"twitter:label1\" content=\"Tempo di lettura stimato\" \/>\n\t<meta name=\"twitter:data1\" content=\"26 minuti\" \/>\n<script type=\"application\/ld+json\" class=\"yoast-schema-graph\">{\"@context\":\"https:\/\/schema.org\",\"@graph\":[{\"@type\":\"WebPage\",\"@id\":\"https:\/\/vacanza-car-rentals.gr\/it\/\",\"url\":\"https:\/\/vacanza-car-rentals.gr\/it\/\",\"name\":\"Autonoleggio La Canea | I migliori prezzi per il noleggio | Vacanza\",\"isPartOf\":{\"@id\":\"https:\/\/vacanza-car-rentals.gr\/#website\"},\"datePublished\":\"2023-01-19T08:55:14+00:00\",\"dateModified\":\"2023-06-26T09:06:36+00:00\",\"description\":\"Esplorate Creta con facilit\u00e0! Ottenete le migliori offerte di noleggio auto oggi. Esplorate con libert\u00e0 e flessibilit\u00e0. Prenotate ora!\",\"breadcrumb\":{\"@id\":\"https:\/\/vacanza-car-rentals.gr\/it\/#breadcrumb\"},\"inLanguage\":\"it-IT\",\"potentialAction\":[{\"@type\":\"ReadAction\",\"target\":[\"https:\/\/vacanza-car-rentals.gr\/it\/\"]}]},{\"@type\":\"BreadcrumbList\",\"@id\":\"https:\/\/vacanza-car-rentals.gr\/it\/#breadcrumb\",\"itemListElement\":[{\"@type\":\"ListItem\",\"position\":1,\"name\":\"\u0391\u03c1\u03c7\u03b9\u03ba\u03ae\",\"item\":\"https:\/\/vacanza-car-rentals.gr\/it\/\"},{\"@type\":\"ListItem\",\"position\":2,\"name\":\"HOME\"}]},{\"@type\":\"WebSite\",\"@id\":\"https:\/\/vacanza-car-rentals.gr\/#website\",\"url\":\"https:\/\/vacanza-car-rentals.gr\/\",\"name\":\"Vacanza Car Rentals\",\"description\":\"Rent a Car Chania | Best Prices for Chania Car Rental\",\"publisher\":{\"@id\":\"https:\/\/vacanza-car-rentals.gr\/#organization\"},\"potentialAction\":[{\"@type\":\"SearchAction\",\"target\":{\"@type\":\"EntryPoint\",\"urlTemplate\":\"https:\/\/vacanza-car-rentals.gr\/?s={search_term_string}\"},\"query-input\":\"required name=search_term_string\"}],\"inLanguage\":\"it-IT\"},{\"@type\":\"Organization\",\"@id\":\"https:\/\/vacanza-car-rentals.gr\/#organization\",\"name\":\"Vacanza Car Rentals\",\"url\":\"https:\/\/vacanza-car-rentals.gr\/\",\"logo\":{\"@type\":\"ImageObject\",\"inLanguage\":\"it-IT\",\"@id\":\"https:\/\/vacanza-car-rentals.gr\/#\/schema\/logo\/image\/\",\"url\":\"https:\/\/vacanza-car-rentals.gr\/wp-content\/uploads\/2023\/01\/vacanza-logo-black.png\",\"contentUrl\":\"https:\/\/vacanza-car-rentals.gr\/wp-content\/uploads\/2023\/01\/vacanza-logo-black.png\",\"width\":187,\"height\":66,\"caption\":\"Vacanza Car Rentals\"},\"image\":{\"@id\":\"https:\/\/vacanza-car-rentals.gr\/#\/schema\/logo\/image\/\"},\"sameAs\":[\"https:\/\/www.facebook.com\/profile.php?id=100065274109423\"]}]}<\/script>\n<!-- \/ Yoast SEO plugin. -->","yoast_head_json":{"title":"Autonoleggio La Canea | I migliori prezzi per il noleggio | Vacanza","description":"Esplorate Creta con facilit\u00e0! Ottenete le migliori offerte di noleggio auto oggi. Esplorate con libert\u00e0 e flessibilit\u00e0. Prenotate ora!","robots":{"index":"index","follow":"follow","max-snippet":"max-snippet:-1","max-image-preview":"max-image-preview:large","max-video-preview":"max-video-preview:-1"},"canonical":"https:\/\/vacanza-car-rentals.gr\/it\/","og_locale":"it_IT","og_type":"article","og_title":"Autonoleggio La Canea | I migliori prezzi per il noleggio | Vacanza","og_description":"Esplorate Creta con facilit\u00e0! Ottenete le migliori offerte di noleggio auto oggi. Esplorate con libert\u00e0 e flessibilit\u00e0. Prenotate ora!","og_url":"https:\/\/vacanza-car-rentals.gr\/it\/","og_site_name":"Vacanza","article_publisher":"https:\/\/www.facebook.com\/profile.php?id=100065274109423","article_modified_time":"2023-06-26T09:06:36+00:00","twitter_card":"summary_large_image","twitter_misc":{"Tempo di lettura stimato":"26 minuti"},"schema":{"@context":"https:\/\/schema.org","@graph":[{"@type":"WebPage","@id":"https:\/\/vacanza-car-rentals.gr\/it\/","url":"https:\/\/vacanza-car-rentals.gr\/it\/","name":"Autonoleggio La Canea | I migliori prezzi per il noleggio | Vacanza","isPartOf":{"@id":"https:\/\/vacanza-car-rentals.gr\/#website"},"datePublished":"2023-01-19T08:55:14+00:00","dateModified":"2023-06-26T09:06:36+00:00","description":"Esplorate Creta con facilit\u00e0! Ottenete le migliori offerte di noleggio auto oggi. Esplorate con libert\u00e0 e flessibilit\u00e0. Prenotate ora!","breadcrumb":{"@id":"https:\/\/vacanza-car-rentals.gr\/it\/#breadcrumb"},"inLanguage":"it-IT","potentialAction":[{"@type":"ReadAction","target":["https:\/\/vacanza-car-rentals.gr\/it\/"]}]},{"@type":"BreadcrumbList","@id":"https:\/\/vacanza-car-rentals.gr\/it\/#breadcrumb","itemListElement":[{"@type":"ListItem","position":1,"name":"\u0391\u03c1\u03c7\u03b9\u03ba\u03ae","item":"https:\/\/vacanza-car-rentals.gr\/it\/"},{"@type":"ListItem","position":2,"name":"HOME"}]},{"@type":"WebSite","@id":"https:\/\/vacanza-car-rentals.gr\/#website","url":"https:\/\/vacanza-car-rentals.gr\/","name":"Vacanza Car Rentals","description":"Rent a Car Chania | Best Prices for Chania Car Rental","publisher":{"@id":"https:\/\/vacanza-car-rentals.gr\/#organization"},"potentialAction":[{"@type":"SearchAction","target":{"@type":"EntryPoint","urlTemplate":"https:\/\/vacanza-car-rentals.gr\/?s={search_term_string}"},"query-input":"required name=search_term_string"}],"inLanguage":"it-IT"},{"@type":"Organization","@id":"https:\/\/vacanza-car-rentals.gr\/#organization","name":"Vacanza Car Rentals","url":"https:\/\/vacanza-car-rentals.gr\/","logo":{"@type":"ImageObject","inLanguage":"it-IT","@id":"https:\/\/vacanza-car-rentals.gr\/#\/schema\/logo\/image\/","url":"https:\/\/vacanza-car-rentals.gr\/wp-content\/uploads\/2023\/01\/vacanza-logo-black.png","contentUrl":"https:\/\/vacanza-car-rentals.gr\/wp-content\/uploads\/2023\/01\/vacanza-logo-black.png","width":187,"height":66,"caption":"Vacanza Car Rentals"},"image":{"@id":"https:\/\/vacanza-car-rentals.gr\/#\/schema\/logo\/image\/"},"sameAs":["https:\/\/www.facebook.com\/profile.php?id=100065274109423"]}]}},"_links":{"self":[{"href":"https:\/\/vacanza-car-rentals.gr\/it\/wp-json\/wp\/v2\/pages\/632","targetHints":{"allow":["GET"]}}],"collection":[{"href":"https:\/\/vacanza-car-rentals.gr\/it\/wp-json\/wp\/v2\/pages"}],"about":[{"href":"https:\/\/vacanza-car-rentals.gr\/it\/wp-json\/wp\/v2\/types\/page"}],"author":[{"embeddable":true,"href":"https:\/\/vacanza-car-rentals.gr\/it\/wp-json\/wp\/v2\/users\/1"}],"replies":[{"embeddable":true,"href":"https:\/\/vacanza-car-rentals.gr\/it\/wp-json\/wp\/v2\/comments?post=632"}],"version-history":[{"count":14,"href":"https:\/\/vacanza-car-rentals.gr\/it\/wp-json\/wp\/v2\/pages\/632\/revisions"}],"predecessor-version":[{"id":756,"href":"https:\/\/vacanza-car-rentals.gr\/it\/wp-json\/wp\/v2\/pages\/632\/revisions\/756"}],"wp:attachment":[{"href":"https:\/\/vacanza-car-rentals.gr\/it\/wp-json\/wp\/v2\/media?parent=632"}],"curies":[{"name":"wp","href":"https:\/\/api.w.org\/{rel}","templated":true}]}}